{"id":687,"date":"2021-02-05T18:46:45","date_gmt":"2021-02-05T18:46:45","guid":{"rendered":"https:\/\/www.historigations.de\/datenschutz\/"},"modified":"2021-03-05T17:36:49","modified_gmt":"2021-03-05T17:36:49","slug":"datenschutz","status":"publish","type":"page","link":"https:\/\/www.historigations.de\/fr\/datenschutz\/","title":{"rendered":"Mentions l\u00e9gales Protection des donn\u00e9es"},"content":{"rendered":"\t\t<div data-elementor-type=\"wp-page\" data-elementor-id=\"687\" class=\"elementor elementor-687\" data-elementor-settings=\"[]\">\n\t\t\t\t\t\t<div class=\"elementor-inner\">\n\t\t\t\t\t\t\t<div class=\"elementor-section-wrap\">\n\t\t\t\t\t\t\t<section class=\"elementor-section elementor-top-section elementor-element elementor-element-83cf93b elementor-section-boxed elementor-section-height-default elementor-section-height-default\" data-id=\"83cf93b\" data-element_type=\"section\" data-settings=\"{&quot;background_background&quot;:&quot;classic&quot;}\">\n\t\t\t\t\t\t<div class=\"elementor-container elementor-column-gap-default\">\n\t\t\t\t\t\t\t<div class=\"elementor-row\">\n\t\t\t\t\t<div class=\"elementor-column elementor-col-100 elementor-top-column elementor-element elementor-element-9dec7c1\" data-id=\"9dec7c1\" data-element_type=\"column\">\n\t\t\t<div class=\"elementor-column-wrap elementor-element-populated\">\n\t\t\t\t\t\t\t<div class=\"elementor-widget-wrap\">\n\t\t\t\t\t\t<div class=\"elementor-element elementor-element-7e49e94 elementor-widget elementor-widget-text-editor\" data-id=\"7e49e94\" data-element_type=\"widget\" data-widget_type=\"text-editor.default\">\n\t\t\t\t<div class=\"elementor-widget-container\">\n\t\t\t\t\t\t\t\t<div class=\"elementor-text-editor elementor-clearfix\">\n\t\t\t\t<h1><strong>Mentions l\u00e9gales<br \/><\/strong><\/h1><p>Dr.\u00a0Niklas Napp<br \/>Recherchedienst<br \/>B\u00fcggenreuterstr.\u00a02<br \/>79106 Freiburg im Breisgau<br \/>Allemagne<\/p><p>t\u00e9lephone: +49 176 206 43 801<br \/>\u00e9mail: info@historigations.de<\/p><p>source: Dessin de JuraForum.de (Link auf: https:\/\/www.juraforum.de\/impressum-generator\/)<\/p><h1>\u00a0<\/h1><h1><strong>Mentions l\u00e9gales et protection de donn\u00e9es<\/strong><\/h1><p>Conform\u00e9ment aux exigences l\u00e9gales de la loi sur la protection des donn\u00e9es (notamment en vertu de la BDSG n.F. et du r\u00e8glement europ\u00e9en sur la protection des donn\u00e9es \u00ab\u00a0DS-GVO\u00a0\u00bb), nous vous informons ci-dessous de la nature, de l&rsquo;\u00e9tendue et de la finalit\u00e9 du traitement des donn\u00e9es personnelles par notre soci\u00e9t\u00e9. Cette politique de confidentialit\u00e9 s&rsquo;applique \u00e9galement \u00e0 nos sites web et \u00e0 nos profils de m\u00e9dias sociaux. En ce qui concerne la d\u00e9finition de termes tels que \u00ab\u00a0donn\u00e9es \u00e0 caract\u00e8re personnel\u00a0\u00bb ou \u00ab\u00a0traitement\u00a0\u00bb, nous renvoyons \u00e0 l&rsquo;article 4 DS-OGV.\u2028\u2028Nom et coordonn\u00e9es de la personne responsable<br \/>Notre personne responsable (ci-apr\u00e8s \u00ab\u00a0personne responsable\u00a0\u00bb) au sens de l&rsquo;article 4 fig. 7 DS-GVO est<\/p><p>Dr. Niklas Napp\u2028<\/p><p>Bueggenreuterstr. 2\u2028<\/p><p>79106 Freiburg im Breisgau, Allemagne\u2028<\/p><p>e-mail: info@historigations.de<\/p><h5>\u00a0<\/h5><h4><strong>Types de donn\u00e9es, finalit\u00e9s du traitement et cat\u00e9gories de personnes concern\u00e9es\u2028\u2028<\/strong><\/h4><p>Dans ce qui suit, nous vous informons sur le type, la port\u00e9e et la finalit\u00e9 de la collecte, du traitement et de l&rsquo;utilisation des donn\u00e9es \u00e0 caract\u00e8re personnel.<\/p><p>\u2028\u20281. Types de donn\u00e9es que nous traitons\u2028Donn\u00e9es d&rsquo;inventaire (nom, adresse, etc.), donn\u00e9es de contact (num\u00e9ro de t\u00e9l\u00e9phone, e-mail, fax, etc.), donn\u00e9es de contenu (saisie de texte, vid\u00e9os, photos, etc.),\u2028\u2028<\/p><p>2. Les finalit\u00e9s du traitement selon l&rsquo;art. 13 al. 1 c) DS-GVO\u2028R\u00e8glement des contrats, respect des obligations contractuelles, contact en cas de plainte l\u00e9gale de tiers, respect des obligations l\u00e9gales de r\u00e9tention, soutien \u00e0 l&rsquo;utilisation commerciale du site web, exploitation \u00e9conomique de la publicit\u00e9 et du site web, pr\u00e9vention du SPAM et des abus, service et assistance \u00e0 la client\u00e8le, traitement des demandes de contact,\u2028\u2028<\/p><p>3. Les cat\u00e9gories de personnes concern\u00e9es conform\u00e9ment \u00e0 l&rsquo;article 13, paragraphe 1, point e), du DS-GVO\u2028Visiteurs\/utilisateurs du site web, clients, parties int\u00e9ress\u00e9es,\u2028\u2028Les personnes concern\u00e9es sont collectivement appel\u00e9es \u00ab\u00a0utilisateurs\u00a0\u00bb.\u2028\u2028Base juridique pour le traitement des donn\u00e9es \u00e0 caract\u00e8re personnel\u2028<br \/>Nous vous informons ci-dessous sur la base juridique du traitement des donn\u00e9es \u00e0 caract\u00e8re personnel :<\/p><p>1. Si nous avons obtenu votre consentement pour le traitement des donn\u00e9es \u00e0 caract\u00e8re personnel, la base juridique est l&rsquo;article 6, paragraphe 1, p. 1, lit. a) de l&rsquo;OGSD.<\/p><p>2. Si le traitement est n\u00e9cessaire \u00e0 l&rsquo;ex\u00e9cution d&rsquo;un contrat ou \u00e0 la mise en \u0153uvre de mesures pr\u00e9contractuelles, qui sont effectu\u00e9es \u00e0 votre demande, l&rsquo;article 6, paragraphe 1, alin\u00e9a 1, lettre b), du DS-GVO constitue la base juridique.<\/p><p>3. Si le traitement est n\u00e9cessaire pour satisfaire \u00e0 une obligation l\u00e9gale \u00e0 laquelle nous sommes soumis (par exemple, les obligations l\u00e9gales de conservation), l&rsquo;article 6, paragraphe 1, alin\u00e9a 1, lettre c) de la DS-GVO constitue la base juridique.<\/p><p>4. Si le traitement est n\u00e9cessaire \u00e0 la sauvegarde des int\u00e9r\u00eats vitaux de la personne concern\u00e9e ou d&rsquo;une autre personne physique, l&rsquo;article 6 (1) p. 1 lit. d) de l&rsquo;ODGV est la base juridique.<\/p><p>5. Si le traitement est n\u00e9cessaire pour prot\u00e9ger nos int\u00e9r\u00eats l\u00e9gitimes ou ceux d&rsquo;un tiers et que vos int\u00e9r\u00eats ou vos droits et libert\u00e9s fondamentaux ne l&#8217;emportent pas, alors l&rsquo;article 6, paragraphe 1, alin\u00e9a 1, lettre f), de l&rsquo;OGIV constitue la base juridique.<\/p><h4><strong>Divulgation de donn\u00e9es \u00e0 caract\u00e8re personnel \u00e0 des tiers et \u00e0 des sous-traitants<\/strong><\/h4><p>Par principe, nous ne transmettons aucune donn\u00e9e \u00e0 des tiers sans votre consentement. Si tel est n\u00e9anmoins le cas, la divulgation est effectu\u00e9e sur la base des motifs juridiques susmentionn\u00e9s, par exemple dans le cas de la divulgation de donn\u00e9es \u00e0 des fournisseurs de paiement en ligne pour l&rsquo;ex\u00e9cution de contrats ou en raison d&rsquo;une d\u00e9cision de justice ou d&rsquo;une obligation l\u00e9gale de remettre les donn\u00e9es \u00e0 des fins de poursuites p\u00e9nales, pour \u00e9viter un danger ou pour faire respecter les droits de propri\u00e9t\u00e9 intellectuelle.\u2028Nous faisons \u00e9galement appel \u00e0 des sous-traitants (prestataires de services externes, par exemple pour l&rsquo;h\u00e9bergement de nos sites web et bases de donn\u00e9es) pour traiter vos donn\u00e9es. Si les donn\u00e9es sont transmises aux sous-traitants dans le cadre d&rsquo;une convention de traitement contractuelle, cela se fait toujours conform\u00e9ment \u00e0 l&rsquo;article 28 de l&rsquo;OGSD. Ce faisant, nous s\u00e9lectionnons soigneusement nos sous-traitants, les contr\u00f4lons r\u00e9guli\u00e8rement et avons obtenu le droit de donner des instructions concernant les donn\u00e9es. En outre, les transformateurs doivent avoir pris des mesures techniques et organisationnelles appropri\u00e9es et respecter les r\u00e8gles de protection des donn\u00e9es selon la BDSG n.F. et le DS-GVO.<\/p><h4>\u2028\u2028<strong>Transfert de donn\u00e9es vers des pays tiers\u2028\u2028<\/strong><\/h4><p>L&rsquo;adoption du r\u00e8glement g\u00e9n\u00e9ral europ\u00e9en sur la protection des donn\u00e9es (DS-GVO) a cr\u00e9\u00e9 une base uniforme pour la protection des donn\u00e9es en Europe. Vos donn\u00e9es seront donc principalement trait\u00e9es par les entreprises auxquelles le DS-GVO s&rsquo;applique. Toutefois, si le traitement est effectu\u00e9 par des services de tiers en dehors de l&rsquo;Union europ\u00e9enne ou de l&rsquo;Espace \u00e9conomique europ\u00e9en, ceux-ci doivent r\u00e9pondre aux exigences particuli\u00e8res des articles 44 et suivants. DS-GVO. Cela signifie que le traitement est effectu\u00e9 sur la base de garanties sp\u00e9ciales, telles que la d\u00e9termination officiellement reconnue par la Commission europ\u00e9enne d&rsquo;un niveau de protection des donn\u00e9es correspondant \u00e0 l&rsquo;UE ou le respect d&rsquo;obligations contractuelles sp\u00e9ciales officiellement reconnues, les \u00ab\u00a0clauses contractuelles types\u00a0\u00bb. Dans le cas des entreprises am\u00e9ricaines, la soumission au \u00ab\u00a0Privacy Shield\u00a0\u00bb, l&rsquo;accord sur la protection des donn\u00e9es entre l&rsquo;UE et les \u00c9tats-Unis, r\u00e9pond \u00e0 ces exigences.\u2028\u2028<\/p><h4><strong>Suppression des donn\u00e9es et dur\u00e9e de conservation<\/strong><\/h4><p>\u2028\u2028Sauf mention expresse dans la pr\u00e9sente d\u00e9claration de protection des donn\u00e9es, vos donn\u00e9es personnelles seront supprim\u00e9es ou bloqu\u00e9es d\u00e8s que la finalit\u00e9 de leur stockage ne sera plus valable, \u00e0 moins que leur stockage ult\u00e9rieur ne soit n\u00e9cessaire \u00e0 des fins de preuve ou ne soit contraire aux obligations l\u00e9gales de stockage. Il s&rsquo;agit par exemple des obligations de stockage du droit commercial pour les lettres commerciales conform\u00e9ment au \u00a7 257 alin\u00e9a 1 HGB (6 ans) et des obligations de stockage du droit fiscal conform\u00e9ment au \u00a7 147 alin\u00e9a 1 AO pour les r\u00e9c\u00e9piss\u00e9s (10 ans). Si la p\u00e9riode de conservation prescrite expire, vos donn\u00e9es seront bloqu\u00e9es ou supprim\u00e9es, \u00e0 moins que la conservation ne soit encore n\u00e9cessaire pour la conclusion ou l&rsquo;ex\u00e9cution d&rsquo;un contrat.\u2028\u2028Existence d&rsquo;un processus d\u00e9cisionnel automatis\u00e9\u2028\u2028Nous n&rsquo;avons pas recours \u00e0 la prise de d\u00e9cision automatis\u00e9e ni au profilage.\u2028<\/p><h4><strong>Mise \u00e0 disposition de notre site web et cr\u00e9ation de fichiers journaux<\/strong><\/h4><p>1. Si vous utilisez notre site web uniquement \u00e0 des fins d&rsquo;information (c&rsquo;est-\u00e0-dire sans enregistrement ni autre transmission d&rsquo;informations), nous ne recueillons que les donn\u00e9es personnelles que votre navigateur transmet \u00e0 notre serveur. Si vous souhaitez consulter notre site web, nous recueillons les donn\u00e9es suivantes :<\/p><p>\u25e6 Adresse IP ;<br \/>\u25e6 Fournisseur de services Internet de l&rsquo;utilisateur ;<br \/>\u25e6 Date et heure de l&rsquo;acc\u00e8s ;<br \/>\u25e6 type de navigateur ;<br \/>\u25e6 la langue et la version du navigateur ;<br \/>\u25e6 Contenu de l&rsquo;extraction ;<br \/>\u25e6 Fuseau horaire ;<br \/>\u25e6 Statut d&rsquo;acc\u00e8s\/code de statut HTTP ;<br \/>\u25e6 Quantit\u00e9 de donn\u00e9es ;<br \/>\u25e6 Sites web d&rsquo;o\u00f9 provient la demande ;<br \/>\u25e6 Syst\u00e8me d&rsquo;exploitation.<\/p><p>1. Ces donn\u00e9es ne sont pas conserv\u00e9es avec d&rsquo;autres donn\u00e9es personnelles vous concernant.<\/p><p>2. Ces donn\u00e9es servent \u00e0 vous fournir un site web convivial, fonctionnel et s\u00fbr, avec des fonctions et du contenu, ainsi qu&rsquo;\u00e0 l&rsquo;optimiser et \u00e0 en faire une \u00e9valuation statistique.<\/p><p>3. La base juridique est notre int\u00e9r\u00eat l\u00e9gitime au traitement des donn\u00e9es, qui r\u00e9side \u00e9galement dans les finalit\u00e9s susmentionn\u00e9es, conform\u00e9ment \u00e0 l&rsquo;article 6, paragraphe 1, alin\u00e9a 1, lettre f) de l&rsquo;OGDV.<\/p><p>4. Pour des raisons de s\u00e9curit\u00e9, nous stockons ces donn\u00e9es dans les fichiers journaux du serveur pendant une p\u00e9riode de plusieurs jours. Apr\u00e8s cette p\u00e9riode, ils sont automatiquement supprim\u00e9s, sauf si nous devons les stocker \u00e0 des fins de preuve en cas d&rsquo;attaque de l&rsquo;infrastructure du serveur ou d&rsquo;autres violations de la loi.<\/p><h4><strong>Cookies<\/strong><\/h4><p>1. Nous utilisons des \u00ab\u00a0cookies\u00a0\u00bb lorsque vous visitez notre site web. Les cookies sont de petits fichiers texte que votre navigateur Internet place et stocke sur votre ordinateur. Lorsque vous visitez \u00e0 nouveau notre site web, ces cookies fournissent des informations permettant de vous reconna\u00eetre automatiquement. Les informations ainsi obtenues servent \u00e0 optimiser techniquement et \u00e9conomiquement nos offres sur le web et \u00e0 vous fournir un acc\u00e8s plus facile et plus s\u00fbr \u00e0 notre site web. Lorsque vous acc\u00e9dez \u00e0 notre site web, nous vous informons, par le biais d&rsquo;une r\u00e9f\u00e9rence \u00e0 notre d\u00e9claration de protection des donn\u00e9es, sur l&rsquo;utilisation des cookies aux fins susmentionn\u00e9es et sur la mani\u00e8re dont vous pouvez vous y opposer ou emp\u00eacher leur stockage (\u00ab\u00a0opt-out\u00a0\u00bb). Notre site web utilise des cookies de session, des cookies persistants et des cookies provenant de fournisseurs tiers:- Cookies de session : nous utilisons des cookies pour reconna\u00eetre l&rsquo;utilisation multiple d&rsquo;une offre par le m\u00eame utilisateur (par exemple, si vous vous \u00eates connect\u00e9 pour d\u00e9terminer votre statut de connexion). Lorsque vous visitez \u00e0 nouveau notre site, ces cookies fournissent des informations permettant de vous reconna\u00eetre automatiquement. Les informations ainsi obtenues sont utilis\u00e9es pour optimiser nos offres et vous permettre d&rsquo;acc\u00e9der plus facilement \u00e0 notre site. Lorsque vous fermez votre navigateur ou que vous vous d\u00e9connectez, les cookies de session sont supprim\u00e9s &#8211; Cookies persistants : ils sont automatiquement supprim\u00e9s apr\u00e8s une p\u00e9riode d\u00e9termin\u00e9e, qui peut varier en fonction du cookie. Vous pouvez supprimer les cookies \u00e0 tout moment dans les param\u00e8tres de s\u00e9curit\u00e9 de votre navigateur.<br \/>2. Cookies tiers : Vous pouvez configurer les param\u00e8tres de votre navigateur selon vos souhaits et, par exemple, refuser d&rsquo;accepter les cookies tiers ou tous les cookies. Toutefois, nous tenons \u00e0 souligner \u00e0 ce stade que vous ne pourrez peut-\u00eatre pas alors utiliser toutes les fonctions de ce site web. Pour en savoir plus sur ces cookies, consultez les d\u00e9clarations de confidentialit\u00e9 respectives des fournisseurs tiers.<br \/>3. La base juridique de ce traitement est l&rsquo;article 6, paragraphe 1, point b), du DS-GVO si les cookies sont utilis\u00e9s pour \u00e9tablir un contrat, par exemple pour des commandes, et si nous avons un int\u00e9r\u00eat l\u00e9gitime \u00e0 ce que le site web fonctionne efficacement, de sorte que, dans ce cas, l&rsquo;article 6, paragraphe 1, point f), du DS-GVO constitue la base juridique.<br \/>4. Objection et \u00ab\u00a0Opt-Out\u00a0\u00bb : Vous pouvez g\u00e9n\u00e9ralement emp\u00eacher l&rsquo;enregistrement de cookies sur votre disque dur en s\u00e9lectionnant \u00ab\u00a0ne pas accepter les cookies\u00a0\u00bb dans les param\u00e8tres de votre navigateur. Toutefois, cela peut entra\u00eener une restriction fonctionnelle de nos offres. Vous pouvez vous opposer \u00e0 l&rsquo;utilisation de cookies provenant de fournisseurs tiers \u00e0 des fins publicitaires par le biais d&rsquo;un \u00ab\u00a0opt-out\u00a0\u00bb via ce site am\u00e9ricain (https:\/\/optout.aboutads.info) ou ce site europ\u00e9en (http:\/\/www.youronlinechoices.com\/de\/praferenzmanagement\/).<\/p><h4><strong>Traitement des contrats<\/strong><\/h4><p>1. Nous traitons les donn\u00e9es d&rsquo;inventaire (par exemple, entreprise, titre\/dipl\u00f4me, noms et adresses ainsi que les coordonn\u00e9es des utilisateurs, e-mail), les donn\u00e9es relatives aux contrats (par exemple, services utilis\u00e9s, noms des personnes de contact) et les donn\u00e9es relatives aux paiements (par exemple, coordonn\u00e9es bancaires, historique des paiements) afin de remplir nos obligations contractuelles (connaissance de la partie contractante ; justification, conception et traitement du contrat en fonction du contenu ; contr\u00f4le de la plausibilit\u00e9 des donn\u00e9es) et les services (par exemple, contact avec le service client\u00e8le) conform\u00e9ment \u00e0 l&rsquo;art. 6, al. 1, phrase 1, lit. b) de la DS-GVO. Les entr\u00e9es marqu\u00e9es comme obligatoires dans les formulaires en ligne sont n\u00e9cessaires \u00e0 la conclusion du contrat.<\/p><p>2. Ces donn\u00e9es ne seront pas transmises \u00e0 des tiers, sauf si cela est n\u00e9cessaire pour la poursuite de nos cr\u00e9ances (par exemple, transfert \u00e0 un avocat pour le recouvrement de cr\u00e9ances) ou pour l&rsquo;ex\u00e9cution du contrat (par exemple, transfert de donn\u00e9es \u00e0 un prestataire de paiement), ou s&rsquo;il existe une obligation l\u00e9gale de le faire conform\u00e9ment \u00e0 l&rsquo;article 6, paragraphe 1, article 1, lettre c) de la DS-GVO.<\/p><p>3. Nous pouvons \u00e9galement traiter les donn\u00e9es que vous nous fournissez pour vous informer sur d&rsquo;autres produits int\u00e9ressants de notre portefeuille ou pour vous envoyer des courriels contenant des informations techniques.<\/p><p>4. Les donn\u00e9es seront supprim\u00e9es d\u00e8s qu&rsquo;elles ne seront plus n\u00e9cessaires pour atteindre l&rsquo;objectif pour lequel elles ont \u00e9t\u00e9 collect\u00e9es. C&rsquo;est le cas des donn\u00e9es d&rsquo;inventaire et des donn\u00e9es contractuelles lorsque les donn\u00e9es ne sont plus n\u00e9cessaires \u00e0 l&rsquo;ex\u00e9cution du contrat et que les droits ne peuvent plus \u00eatre exerc\u00e9s en vertu du contrat parce qu&rsquo;ils sont prescrits (garantie : deux ans \/ d\u00e9lai de prescription standard : trois ans). Nous sommes tenus par le droit commercial et fiscal de conserver votre adresse, vos donn\u00e9es de paiement et de commande pendant une p\u00e9riode de dix ans. Toutefois, nous limiterons le traitement apr\u00e8s trois ans si le contrat est r\u00e9sili\u00e9, c&rsquo;est-\u00e0-dire que vos donn\u00e9es ne seront utilis\u00e9es que pour respecter les obligations l\u00e9gales. Les informations contenues dans le compte de l&rsquo;utilisateur resteront jusqu&rsquo;\u00e0 ce qu&rsquo;elles soient supprim\u00e9es.<\/p><h4><strong>Nous contacter via le formulaire de contact \/ e-mail \/ fax \/ courrier<\/strong><\/h4><p>1. Lorsque vous nous contactez via le formulaire de contact, par fax, par courrier ou par e-mail, vos donn\u00e9es seront trait\u00e9es dans le but de traiter la demande de contact.<\/p><p>2. La base juridique du traitement des donn\u00e9es est, si vous avez donn\u00e9 votre consentement, l&rsquo;art. 6 al. 1 p. 1 lit. a) DS-GVO. La base juridique pour le traitement des donn\u00e9es transmises dans le cadre d&rsquo;une demande de contact ou d&rsquo;un courrier \u00e9lectronique, d&rsquo;une lettre ou d&rsquo;une t\u00e9l\u00e9copie est l&rsquo;article 6, paragraphe 1, alin\u00e9a 1, lettre f) de l&rsquo;ODVG. La partie responsable a un int\u00e9r\u00eat l\u00e9gitime \u00e0 traiter et \u00e0 conserver les donn\u00e9es afin de pouvoir r\u00e9pondre aux demandes des utilisateurs, de conserver des preuves pour des raisons de responsabilit\u00e9 et, si n\u00e9cessaire, de pouvoir respecter ses obligations l\u00e9gales de conserver la correspondance commerciale. Si le contact a pour but la conclusion d&rsquo;un contrat, la base juridique suppl\u00e9mentaire pour le traitement est l&rsquo;art. 6 al. 1 p. 1 lit. b) DS-GVO.<\/p><p>3. Nous pouvons stocker vos coordonn\u00e9es et votre demande de contact dans notre syst\u00e8me de gestion des relations avec la client\u00e8le (\u00ab\u00a0syst\u00e8me CRM\u00a0\u00bb) ou dans un syst\u00e8me comparable.<\/p><p>4. Les donn\u00e9es sont supprim\u00e9es d\u00e8s qu&rsquo;elles ne sont plus n\u00e9cessaires pour atteindre l&rsquo;objectif pour lequel elles ont \u00e9t\u00e9 collect\u00e9es. Pour les donn\u00e9es personnelles du masque de saisie du formulaire de contact et celles envoy\u00e9es par e-mail, c&rsquo;est le cas lorsque la conversation respective avec vous est termin\u00e9e. La conversation prend fin lorsque les circonstances indiquent que la question en question a \u00e9t\u00e9 clarifi\u00e9e de mani\u00e8re concluante. Les demandes des utilisateurs qui ont un compte ou un contrat avec nous sont conserv\u00e9es jusqu&rsquo;\u00e0 deux ans apr\u00e8s la fin du contrat. Dans le cas des obligations l\u00e9gales d&rsquo;archivage, la suppression a lieu apr\u00e8s leur expiration : fin de l&rsquo;obligation de conservation pr\u00e9vue par le droit commercial (6 ans) et le droit fiscal (10 ans).<\/p><p>5. Vous avez la possibilit\u00e9 de r\u00e9voquer \u00e0 tout moment votre consentement au traitement des donn\u00e9es \u00e0 caract\u00e8re personnel conform\u00e9ment \u00e0 l&rsquo;article 6, paragraphe 1, alin\u00e9a 1, lettre a) de l&rsquo;ODGV. Si vous nous contactez par courrier \u00e9lectronique, vous pouvez vous opposer \u00e0 tout moment au stockage de donn\u00e9es \u00e0 caract\u00e8re personnel.<\/p><h4><strong>Contact par t\u00e9l\u00e9phone<\/strong><\/h4><p>1. Lorsque vous nous contactez par t\u00e9l\u00e9phone, votre num\u00e9ro de t\u00e9l\u00e9phone sera trait\u00e9 et temporairement stock\u00e9 ou affich\u00e9 dans la m\u00e9moire vive \/ cache de l&rsquo;appareil t\u00e9l\u00e9phonique \/ \u00e9cran pour le traitement de la demande de contact et son traitement. Le stockage a lieu pour des raisons de responsabilit\u00e9 et de s\u00e9curit\u00e9, afin de pouvoir apporter la preuve de l&rsquo;appel ainsi que pour des raisons \u00e9conomiques, afin de rendre possible un rappel. En cas d&rsquo;appels publicitaires non autoris\u00e9s, nous bloquons les num\u00e9ros de t\u00e9l\u00e9phone.<\/p><p>2. La base juridique pour le traitement du num\u00e9ro de t\u00e9l\u00e9phone est l&rsquo;art. 6 al. 1 p. 1 lit. f) DS-GVO. Si le contact vise \u00e0 la conclusion d&rsquo;un contrat, la base juridique suppl\u00e9mentaire pour le traitement est l&rsquo;art. 6 (1) lit. b) de l&rsquo;ODVG.<\/p><p>3. Le cache de l&rsquo;appareil stocke les jours d&rsquo;appel et \u00e9crase ou supprime successivement les anciennes donn\u00e9es. Lorsque l&rsquo;appareil est mis au rebut, toutes les donn\u00e9es sont effac\u00e9es et la m\u00e9moire est d\u00e9truite si n\u00e9cessaire. Les num\u00e9ros de t\u00e9l\u00e9phone bloqu\u00e9s sont v\u00e9rifi\u00e9s chaque ann\u00e9e pour d\u00e9terminer s&rsquo;il est n\u00e9cessaire de les bloquer.<\/p><p>4. Vous pouvez emp\u00eacher l&rsquo;affichage du num\u00e9ro de t\u00e9l\u00e9phone en appelant avec le num\u00e9ro de t\u00e9l\u00e9phone supprim\u00e9.<\/p><h4><strong>Google AdWords avec suivi des conversions<\/strong><\/h4><p>1. Nous utilisons le service \u00ab\u00a0AdWords with Conversion Tracking\u00a0\u00bb (Google Ireland Limited, Reg. No. : 368047, Gordon House, Barrow Street, Dublin 4, Irlande) pour attirer l&rsquo;attention sur notre site web sur des sites web tiers au moyen d&rsquo;annonces. Lorsque vous cliquez sur une annonce Google de notre part, un cookie est stock\u00e9 dans votre navigateur, qui est valable pendant environ 30 jours. Si vous visitez ensuite notre site web, nous et Google pouvons utiliser le cookie pour \u00e9valuer si vous avez visit\u00e9 notre site web et quelles pages de notre site vous avez visit\u00e9es. Google cr\u00e9e des statistiques \u00e0 ce sujet. Nous ne connaissons pas toute l&rsquo;\u00e9tendue du traitement des donn\u00e9es. Les donn\u00e9es sont \u00e9galement transf\u00e9r\u00e9es aux \u00c9tats-Unis et y sont analys\u00e9es. Si vous \u00eates connect\u00e9 avec un compte Google, AdWords peut attribuer les donn\u00e9es \u00e0 votre compte. Si vous ne le souhaitez pas, vous devez vous d\u00e9connecter avant de visiter notre site web. Ce suivi de la conversion sert \u00e0 l&rsquo;analyse, \u00e0 l&rsquo;optimisation et \u00e0 l&rsquo;exploitation \u00e9conomique de notre publicit\u00e9 et de notre site web.<\/p><p>2. La base juridique du traitement de vos donn\u00e9es est notre int\u00e9r\u00eat l\u00e9gitime \u00e0 l&rsquo;analyse, \u00e0 l&rsquo;optimisation et \u00e0 l&rsquo;exploitation \u00e9conomique de notre publicit\u00e9 et de notre site web, conform\u00e9ment \u00e0 l&rsquo;article 6, paragraphe 1, p. 1 lit. f) du DS-GVO. Google est certifi\u00e9 dans le cadre du programme de protection de la vie priv\u00e9e UE-USA : https:\/\/www.privacyshield.gov\/EU-US-Framework.<\/p><p>3. Vous pouvez vous opposer \u00e0 l&rsquo;installation de cookies par Google ou l&#8217;emp\u00eacher de diff\u00e9rentes mani\u00e8res :- Vous pouvez d\u00e9sactiver les cookies dans votre navigateur en s\u00e9lectionnant le param\u00e8tre \u00ab\u00a0Ne pas accepter les cookies\u00a0\u00bb, qui inclut \u00e9galement les cookies tiers ;- Vous pouvez d\u00e9sactiver le suivi des conversions directement sur Google via le lien https:\/\/adssettings.google.com, ce param\u00e8tre ne valant que jusqu&rsquo;\u00e0 ce que vous supprimiez vos cookies.<\/p><p>4. Vous pouvez refuser les publicit\u00e9s personnalis\u00e9es d&rsquo;annonceurs tiers participant \u00e0 l&rsquo;initiative d&rsquo;autor\u00e9gulation de la publicit\u00e9 About Ads en visitant https:\/\/optout.aboutads.info pour les sites am\u00e9ricains ou http:\/\/www.youronlinechoices.com\/de\/praferenzmanagement\/ pour les sites europ\u00e9ens, et ce param\u00e8tre ne persistera que jusqu&rsquo;\u00e0 ce que vous supprimiez tous vos cookies ;<\/p><p>5. Vous pouvez d\u00e9sactiver d\u00e9finitivement les cookies en utilisant un plug-in de navigateur pour Chrome, Firefox ou Internet Explorer au lien https:\/\/support.google.com\/ads\/answer\/7395996. Cette d\u00e9sactivation peut signifier que vous ne pouvez plus utiliser pleinement toutes les fonctions de notre site web.<\/p><p>6. Pour plus d&rsquo;informations, veuillez consulter la politique de confidentialit\u00e9 de Google \u00e0 l&rsquo;adresse https:\/\/policies.google.com\/privacy?hl=de&amp;gl=de et https:\/\/services.google.com\/sitestats\/de.html.<\/p><h4><strong>Google Analytics<\/strong><\/h4><p>1. Nous avons int\u00e9gr\u00e9 l&rsquo;outil d&rsquo;analyse de site web \u00ab\u00a0Google Analytics\u00a0\u00bb (Google Ireland Limited, num\u00e9ro d&rsquo;enregistrement : 368047, Gordon House, Barrow Street, Dublin 4, Irlande) sur notre site web.<\/p><p>2. Lorsque vous visitez notre site web, Google place un cookie sur votre ordinateur afin d&rsquo;analyser votre utilisation de notre site web. Les donn\u00e9es obtenues sont transf\u00e9r\u00e9es aux \u00c9tats-Unis et y sont stock\u00e9es. Si des donn\u00e9es personnelles devaient \u00eatre transf\u00e9r\u00e9es aux \u00c9tats-Unis, la certification de Google conform\u00e9ment \u00e0 l&rsquo;accord sur la protection de la vie priv\u00e9e (https:\/\/www.privacyshield.gov\/EU-US-Framework) garantit le respect de la l\u00e9gislation europ\u00e9enne en mati\u00e8re de protection des donn\u00e9es.<\/p><p>3. Nous avons activ\u00e9 l&rsquo;anonymisation IP \u00ab\u00a0anonymizeIP\u00a0\u00bb, par laquelle les adresses IP ne sont trait\u00e9es que sous une forme abr\u00e9g\u00e9e. Sur ce site web, votre adresse IP est donc pr\u00e9alablement raccourcie par Google dans les pays membres de l&rsquo;Union europ\u00e9enne ou dans d&rsquo;autres pays signataires de l&rsquo;accord sur l&rsquo;Espace \u00e9conomique europ\u00e9en. Ce n&rsquo;est que dans des cas exceptionnels que l&rsquo;adresse IP compl\u00e8te sera transmise \u00e0 un serveur de Google aux \u00c9tats-Unis et y sera raccourcie. Au nom de l&rsquo;exploitant de ce site web, Google utilisera ces informations dans le but d&rsquo;\u00e9valuer votre utilisation du site web, de compiler des rapports sur l&rsquo;activit\u00e9 du site web et de fournir d&rsquo;autres services relatifs \u00e0 l&rsquo;activit\u00e9 du site web et \u00e0 l&rsquo;utilisation d&rsquo;Internet \u00e0 la partie responsable. Nous avons \u00e9galement activ\u00e9 l&rsquo;analyse crois\u00e9e des visiteurs du site web, qui est effectu\u00e9e via un \u00ab\u00a0ID utilisateur\u00a0\u00bb. L&rsquo;adresse IP transmise par votre navigateur dans le cadre de Google Analytics n&rsquo;est pas fusionn\u00e9e avec d&rsquo;autres donn\u00e9es de Google. L&rsquo;utilisation de Google Analytics a pour but d&rsquo;analyser, d&rsquo;optimiser et d&rsquo;am\u00e9liorer notre site web.<\/p><p>4. La base juridique est notre int\u00e9r\u00eat l\u00e9gitime au traitement des donn\u00e9es, qui r\u00e9side \u00e9galement dans les finalit\u00e9s susmentionn\u00e9es, conform\u00e9ment \u00e0 l&rsquo;article 6, paragraphe 1, premi\u00e8re phrase, point f), de l&rsquo;ODGV.<\/p><p>5. Les donn\u00e9es que nous envoyons et qui sont li\u00e9es \u00e0 des cookies, des identifiants d&rsquo;utilisateur (par exemple, ID utilisateur) ou des identifiants publicitaires sont automatiquement supprim\u00e9es apr\u00e8s 1 mois. La suppression des donn\u00e9es dont la dur\u00e9e de conservation est atteinte a lieu automatiquement une fois par mois.<\/p><p>6. Pour plus d&rsquo;informations sur l&rsquo;utilisation des donn\u00e9es par Google Analytics, veuillez consulter les sites suivants : https:\/\/www.google.com\/analytics\/terms\/de.html (Conditions d&rsquo;utilisation de Google Analytics), https:\/\/support.google.com\/analytics\/answer\/6004245?hl=de (Politique de confidentialit\u00e9 de Google Analytics) et https:\/\/policies.google.com\/privacy.<\/p><p>7. Objection et \u00ab\u00a0Opt-Out\u00a0\u00bb : Vous pouvez g\u00e9n\u00e9ralement emp\u00eacher l&rsquo;enregistrement de cookies sur votre disque dur en s\u00e9lectionnant \u00ab\u00a0ne pas accepter les cookies\u00a0\u00bb dans les param\u00e8tres de votre navigateur. Toutefois, cela peut entra\u00eener une restriction fonctionnelle de nos offres. Vous pouvez \u00e9galement emp\u00eacher la collecte des donn\u00e9es g\u00e9n\u00e9r\u00e9es par le cookie et li\u00e9es \u00e0 votre utilisation du site web, ainsi que le traitement de ces donn\u00e9es par Google, en t\u00e9l\u00e9chargeant et en installant le plugin du navigateur disponible sur le lien suivant : http:\/\/tools.google.com\/dlpage\/gaoptout?hl=de.<\/p><p>8. Comme alternative au plugin de navigateur ci-dessus, vous pouvez emp\u00eacher la collecte par Google Analytics en cliquant sur [__please__insert the Analytics Opt-Out link of your website]. Le clic d\u00e9finira un cookie \u00ab\u00a0opt-out\u00a0\u00bb qui emp\u00eachera la collecte de vos donn\u00e9es lorsque vous visiterez ce site web \u00e0 l&rsquo;avenir. Ce cookie s&rsquo;applique uniquement \u00e0 notre site web et \u00e0 votre navigateur actuel et ne durera que jusqu&rsquo;\u00e0 ce que vous supprimiez vos cookies. Dans ce cas, vous devrez \u00e0 nouveau placer le cookie.<\/p><p>9. Vous pouvez d\u00e9sactiver l&rsquo;analyse transversale des utilisateurs dans votre compte Google sous \u00ab\u00a0Mes donn\u00e9es &gt; donn\u00e9es personnelles\u00a0\u00bb.<\/p><h4><strong>Jetpack (anciennement WordPress.com Stats).<\/strong><\/h4><p>1. Nous avons int\u00e9gr\u00e9 le service d&rsquo;analyse web Jetpack (by Automattic Inc, 60 29 th Street #343, San Francisco, CA 94110-4929, USA ; le fournisseur de technologie de suivi est : Quantcast Inc, 201 3 rd St, Floor 2, San Francisco, CA 94103-3153, USA) sur notre site web afin d&rsquo;analyser et d&rsquo;am\u00e9liorer l&rsquo;utilisation de notre site web. Pour l&rsquo;analyse, le logiciel installe des cookies sur votre ordinateur. Les donn\u00e9es sont transf\u00e9r\u00e9es, trait\u00e9es et stock\u00e9es sur des serveurs Jetpack aux \u00c9tats-Unis. Nous avons activ\u00e9 l&rsquo;extension pour raccourcir votre IP avec Jetpack, ce qui ne permet plus de relier les donn\u00e9es \u00e0 une personne sp\u00e9cifique. En outre, cette propri\u00e9t\u00e9 intellectuelle n&rsquo;est pas fusionn\u00e9e avec d&rsquo;autres donn\u00e9es que nous recueillons. Automattic Inc. s&rsquo;est soumis au bouclier de la vie priv\u00e9e : https:\/\/www.privacyshield.gov\/EU-US-Framework.<\/p><p>2. Ces donn\u00e9es sont collect\u00e9es et stock\u00e9es \u00e0 des fins de marketing, d&rsquo;analyse et d&rsquo;optimisation de notre site web.<\/p><p>3. La base juridique est notre int\u00e9r\u00eat l\u00e9gitime pour le traitement des donn\u00e9es, qui r\u00e9side \u00e9galement dans les finalit\u00e9s susmentionn\u00e9es, conform\u00e9ment \u00e0 l&rsquo;article<\/p><p>6, paragraphe 1, p. 1, point f), de l&rsquo;ODGV.<br \/>4. Vous pouvez vous opposer \u00e0 la collecte et au stockage des donn\u00e9es \u00e0 tout moment et gratuitement, avec effet pour l&rsquo;avenir. Vous pouvez vous opposer ou emp\u00eacher l&rsquo;installation de cookies de diff\u00e9rentes mani\u00e8res : Vous pouvez emp\u00eacher les cookies dans votre navigateur en s\u00e9lectionnant le param\u00e8tre \u00ab\u00a0Ne pas accepter les cookies\u00a0\u00bb, qui inclut \u00e9galement les cookies de tiers ;<\/p><p>5. Pour plus d&rsquo;informations sur la mani\u00e8re d&rsquo;\u00e9viter les cookies, voir \u00ab\u00a0Cookies\u00a0\u00bb ci-dessus.<\/p><h4><strong>Google Maps<\/strong><\/h4><p>1. Nous avons int\u00e9gr\u00e9 les cartes de \u00ab\u00a0Google Maps\u00a0\u00bb (Google Ireland Limited, num\u00e9ro d&rsquo;enregistrement : 368047, Gordon House, Barrow Street, Dublin 4, Irlande) sur notre site web. Cela nous permet d&rsquo;afficher la localisation des adresses et des directions directement sur notre site web dans des cartes interactives et de vous permettre d&rsquo;utiliser cet outil.<\/p><p>2. Lorsque vous visitez notre site web o\u00f9 Google Maps est int\u00e9gr\u00e9, une connexion est \u00e9tablie avec les serveurs de Google aux \u00c9tats-Unis. Ce faisant, votre IP et votre localisation peuvent \u00eatre transmises \u00e0 Google. En outre, Google re\u00e7oit les informations que vous avez appel\u00e9es sur la page correspondante. Cela se passe \u00e9galement sans compte d&rsquo;utilisateur chez Google. Si vous \u00eates connect\u00e9 \u00e0 votre compte Google, Google peut attribuer les donn\u00e9es ci-dessus \u00e0 votre compte. Si vous ne le souhaitez pas, vous devez vous d\u00e9connecter de votre compte Google. Google cr\u00e9e des profils d&rsquo;utilisateurs \u00e0 partir de ces donn\u00e9es et utilise ces donn\u00e9es \u00e0 des fins de publicit\u00e9, d&rsquo;\u00e9tudes de march\u00e9 ou d&rsquo;optimisation de ses sites web.<\/p><p>3. La base juridique est notre int\u00e9r\u00eat l\u00e9gitime au traitement des donn\u00e9es, qui r\u00e9side \u00e9galement dans les finalit\u00e9s susmentionn\u00e9es, conform\u00e9ment \u00e0 l&rsquo;article 6, paragraphe 1, premi\u00e8re phrase, point f), de l&rsquo;ODGV.<\/p><p>4. Vous avez le droit de vous opposer \u00e0 ce que Google cr\u00e9e des profils d&rsquo;utilisateurs. Veuillez l&rsquo;adresser directement \u00e0 Google via la politique de confidentialit\u00e9 mentionn\u00e9e ci-dessous. Vous pouvez faire une objection de refus concernant les cookies publicitaires ici dans votre compte Google :<\/p><p>5. https:\/\/adssettings.google.com\/authenticated.<\/p><p>6. Consultez les conditions d&rsquo;utilisation de Google Maps sur https:\/\/www.google.com\/intl\/de_de\/help\/terms_maps.html et les r\u00e8gles de confidentialit\u00e9 de la publicit\u00e9 de Google sur https:\/\/policies.google.com\/technologies\/ads pour plus d&rsquo;informations sur l&rsquo;utilisation des cookies par Google et leurs technologies publicitaires, la dur\u00e9e de stockage, l&rsquo;anonymisation, les donn\u00e9es de localisation, leur fonctionnement et vos droits. Politique g\u00e9n\u00e9rale de confidentialit\u00e9 de Google : https:\/\/policies.google.com\/privacy.<\/p><p>7. Google est certifi\u00e9 par le Privacy Shield UE-USA (https:\/\/www.privacyshield.gov\/EU-US-Framework) et est donc tenu de se conformer \u00e0 la l\u00e9gislation europ\u00e9enne sur la protection des donn\u00e9es.<\/p><h4><strong>Pr\u00e9sence dans les m\u00e9dias sociaux<\/strong><\/h4><p>1. Nous entretenons des profils et des pages de fans dans les m\u00e9dias sociaux afin de communiquer avec les utilisateurs qui y sont connect\u00e9s et enregistr\u00e9s et de les informer sur nos produits, offres et services. Les fournisseurs am\u00e9ricains sont certifi\u00e9s selon le \u00ab\u00a0Privacy Shield\u00a0\u00bb et sont donc tenus de se conformer \u00e0 la protection des donn\u00e9es europ\u00e9ennes. Lorsque vous utilisez et appelez notre profil dans le r\u00e9seau respectif, les informations relatives \u00e0 la protection des donn\u00e9es et les conditions d&rsquo;utilisation du r\u00e9seau respectif s&rsquo;appliquent.<\/p><p>2. Nous traitons les donn\u00e9es que vous nous envoyez via ces r\u00e9seaux afin de communiquer avec vous et de r\u00e9pondre \u00e0 vos messages sur place.<\/p><p>3. La base juridique du traitement des donn\u00e9es personnelles est notre int\u00e9r\u00eat l\u00e9gitime \u00e0 communiquer avec les utilisateurs et notre pr\u00e9sentation externe \u00e0 des fins publicitaires, conform\u00e9ment \u00e0 l&rsquo;article 6, paragraphe 1, p. 1, lit. f) de l&rsquo;ODGV. Dans la mesure o\u00f9 vous avez donn\u00e9 au responsable du r\u00e9seau social le consentement au traitement de vos donn\u00e9es personnelles, la base juridique est l&rsquo;art. 6 (1) S. 1 lit. a) et l&rsquo;art. 7 DS-GVO.<\/p><p>4. Les avis de confidentialit\u00e9, les options d&rsquo;information et les options d&rsquo;objection (opt-out) des r\u00e9seaux respectifs peuvent \u00eatre consult\u00e9s ici : Facebook (Facebook Ireland Ltd., 4 Grand Canal Square, Grand Canal Harbour, Dublin 2, Irlande) &#8211; Politique de confidentialit\u00e9 : https:\/\/www.facebook.com\/about\/privacy\/, Opt-Out : https:\/\/www.facebook.com\/settings?tab=ads et http:\/\/www.youronlinechoices.com, Privacy Shield : https:\/\/www.privacyshield.gov\/participant?id=a2zt0000000GnywAAC&amp;status=Active. Instagram (Instagram Inc., 1601 Willow Road, Menlo Park, CA, 94025, USA) &#8211; Politique de confidentialit\u00e9\/ Opt-Out : http:\/\/instagram.com\/about\/legal\/privacy\/.<\/p><p>5. LinkedIn (LinkedIn Ireland Unlimited Company, Wilton Place, Dublin 2, Irlande) &#8211; Politique de confidentialit\u00e9 : https:\/\/www.linkedin.com\/legal\/privacy-policy, Politique en mati\u00e8re de cookies et Opt-Out : https:\/\/www.linkedin.com\/legal\/cookie-policy, Bouclier de confidentialit\u00e9 de la soci\u00e9t\u00e9 am\u00e9ricaine LinkedIn Inc. : https:\/\/www.privacyshield.gov\/participant?id=a2zt0000000L0UZAA0&amp;status=Active.<\/p><h4><strong>Plug-ins pour les m\u00e9dias sociaux<\/strong><\/h4><p>1. Nous utilisons les plug-ins des r\u00e9seaux sociaux sur notre site web. Nous utilisons le tarif dit \u00ab\u00a0solution en deux clics\u00a0\u00bb de c&rsquo;t et heise.de. Lorsque vous visitez notre site web, aucune donn\u00e9e personnelle n&rsquo;est transmise aux fournisseurs des plug-ins. \u00c0 c\u00f4t\u00e9 du logo ou de la marque du r\u00e9seau social, vous trouverez un curseur avec lequel vous pouvez activer le plug-in en cliquant dessus. Apr\u00e8s l&rsquo;activation, le fournisseur du r\u00e9seau social re\u00e7oit l&rsquo;information que vous avez acc\u00e9d\u00e9 \u00e0 notre site web et vos donn\u00e9es personnelles sont transmises au fournisseur du plug-in et y sont stock\u00e9es. Il s&rsquo;agit de ce que l&rsquo;on appelle des cookies tiers. Selon certains fournisseurs tels que Facebook et XING, votre IP est anonymis\u00e9e imm\u00e9diatement apr\u00e8s sa collecte.<\/p><p>2. Les donn\u00e9es collect\u00e9es sur l&rsquo;utilisateur sont stock\u00e9es par le fournisseur de plug-ins sous forme de profils d&rsquo;utilisation. Ceux-ci sont utilis\u00e9s \u00e0 des fins de publicit\u00e9, d&rsquo;\u00e9tudes de march\u00e9 et\/ou de conception de son site web en fonction des besoins. Une telle \u00e9valuation est effectu\u00e9e en particulier (\u00e9galement pour les utilisateurs qui ne sont pas connect\u00e9s) pour l&rsquo;affichage de la publicit\u00e9 bas\u00e9e sur les besoins et pour informer les autres utilisateurs du r\u00e9seau social des activit\u00e9s de l&rsquo;utilisateur sur notre site web. L&rsquo;utilisateur a le droit de s&rsquo;opposer \u00e0 la cr\u00e9ation de ces profils d&rsquo;utilisateur, et doit contacter le fournisseur de plug-ins concern\u00e9 pour exercer ce droit.<\/p><p>3. La base juridique de l&rsquo;utilisation des plug-ins est notre int\u00e9r\u00eat l\u00e9gitime \u00e0 am\u00e9liorer et \u00e0 optimiser notre site web en augmentant notre visibilit\u00e9 par le biais des r\u00e9seaux sociaux ainsi que la possibilit\u00e9 d&rsquo;interaction avec vous et les utilisateurs entre eux par le biais des r\u00e9seaux sociaux conform\u00e9ment \u00e0 l&rsquo;article 6, paragraphe 1, p.1, point f), du DS-GVO.<\/p><p>4. Nous n&rsquo;avons aucune influence sur les donn\u00e9es collect\u00e9es et les proc\u00e9dures de traitement des donn\u00e9es. Nous n&rsquo;avons pas non plus connaissance de l&rsquo;\u00e9tendue de la collecte des donn\u00e9es, de la finalit\u00e9 du traitement et des d\u00e9lais de conservation. Nous ne disposons pas non plus d&rsquo;informations sur la suppression des donn\u00e9es collect\u00e9es par le fournisseur du plug-in.<\/p><p>5. En ce qui concerne l&rsquo;objectif et l&rsquo;\u00e9tendue de la collecte et du traitement des donn\u00e9es, nous renvoyons aux d\u00e9clarations respectives de protection des donn\u00e9es des r\u00e9seaux sociaux. En outre, vous y trouverez \u00e9galement des informations sur vos droits et les possibilit\u00e9s de param\u00e9trage pour la protection de vos donn\u00e9es personnelles.<\/p><h4><strong>Facebook<\/strong><\/h4><p>1. Nous avons int\u00e9gr\u00e9 des plug-ins du r\u00e9seau social Facebook.com (si\u00e8ge social dans l&rsquo;UE : Facebook Ireland Ltd, 4 Grand Canal Square, Grand Canal Harbour, Dublin 2, Irlande) sur notre site web dans le cadre de la \u00ab\u00a0solution en deux clics\u00a0\u00bb de Shariff. Vous pouvez les reconna\u00eetre gr\u00e2ce au logo Facebook \u00ab\u00a0f\u00a0\u00bb ou \u00e0 l&rsquo;ajout \u00ab\u00a0Like\u00a0\u00bb, \u00ab\u00a0Like me\u00a0\u00bb ou \u00ab\u00a0Share\u00a0\u00bb.<\/p><p>2. D\u00e8s que vous activez le plug-in Facebook, une connexion est \u00e9tablie entre votre navigateur et les serveurs Facebook. Ce faisant, Facebook re\u00e7oit les informations, y compris votre adresse IP, que vous avez consult\u00e9es sur notre site web et transmet ces informations aux serveurs de Facebook aux \u00c9tats-Unis, o\u00f9 elles sont stock\u00e9es. Si vous \u00eates connect\u00e9 \u00e0 votre compte Facebook, Facebook peut attribuer ces informations \u00e0 votre compte. Lorsque vous utilisez les fonctions du plug-in, par exemple en appuyant sur le bouton \u00ab\u00a0Like\u00a0\u00bb, ces informations sont \u00e9galement transmises de votre navigateur aux serveurs de Facebook aux \u00c9tats-Unis et y sont stock\u00e9es, ainsi qu&rsquo;affich\u00e9es dans votre profil Facebook et \u00e9ventuellement \u00e0 vos amis.<\/p><p>3. L&rsquo;objectif et l&rsquo;\u00e9tendue de la collecte de donn\u00e9es et de leur traitement et utilisation ult\u00e9rieurs par Facebook, ainsi que vos droits \u00e0 cet \u00e9gard et les options de param\u00e9trage pour prot\u00e9ger votre vie priv\u00e9e, peuvent \u00eatre consult\u00e9s dans la politique de confidentialit\u00e9 de Facebook : https:\/\/www.facebook.com\/about\/privacy\/. Collecte de donn\u00e9es pour le bouton \u00ab\u00a0J&rsquo;aime\u00a0\u00bb : https:\/\/www.facebook.com\/help\/186325668085084. Vous pouvez g\u00e9rer et vous opposer \u00e0 vos param\u00e8tres concernant l&rsquo;utilisation de vos donn\u00e9es de profil \u00e0 des fins publicitaires sur Facebook ici : https:\/\/www.facebook.com\/ads\/preferences\/.<\/p><p>4. Si vous vous d\u00e9connectez de Facebook avant de visiter notre site web et que vous supprimez vos cookies, aucune donn\u00e9e concernant votre visite sur notre site web ne sera attribu\u00e9e \u00e0 votre profil sur Facebook lorsque le plug-in est activ\u00e9.<\/p><p>5. Vous pouvez \u00e9galement emp\u00eacher le chargement du plug-in Facebook par ce que l&rsquo;on appelle le \u00ab\u00a0Facebook Blocker\u00a0\u00bb, que vous pouvez installer comme un add-on pour votre navigateur : Facebook Blocker pour Firefox, Chrome et Opera ou 1blocker pour Safari, iPad et iPhone.<\/p><p>6. Facebook s&rsquo;est soumis au bouclier de protection de la vie priv\u00e9e et veille ainsi au respect de la l\u00e9gislation europ\u00e9enne en mati\u00e8re de protection des donn\u00e9es : https:\/\/www.privacyshield.gov\/EU-US-Framework.<\/p><h4><strong>Instagram<\/strong><\/h4><p>Nous avons int\u00e9gr\u00e9 des plug-ins du r\u00e9seau social Instagram (Instagram LLC., 1601 Willow Road, Menlo Park, CA, 94025, USA) sur notre site web dans le cadre de la \u00ab\u00a0solution en deux clics\u00a0\u00bb de Shariff. Vous pouvez le reconna\u00eetre au logo Instagram qui se pr\u00e9sente sous la forme d&rsquo;un appareil photo carr\u00e9.<br \/>Si vous activez volontairement le plug-in, une connexion est \u00e9tablie entre votre navigateur et les serveurs d&rsquo;Instagram. Instagram re\u00e7oit les informations, y compris votre adresse IP, que vous avez visit\u00e9es sur notre site et les transmet aux serveurs d&rsquo;Instagram aux \u00c9tats-Unis, o\u00f9 ces informations sont stock\u00e9es. Si vous \u00eates connect\u00e9 \u00e0 votre compte sur Instagram, Instagram peut attribuer ces informations \u00e0 votre compte et vous pouvez cliquer sur le bouton Instagram et ainsi partager et enregistrer le contenu de nos pages sur votre compte Instagram et \u00e9ventuellement le montrer \u00e0 vos amis qui s&rsquo;y trouvent. Nous n&rsquo;avons pas connaissance du contenu exact des donn\u00e9es transmises, de leur utilisation et de leur dur\u00e9e de conservation par Instagram.<br \/>Si vous vous d\u00e9connectez d&rsquo;Instagram avant de visiter notre site web et que vous supprimez vos cookies, aucune donn\u00e9e concernant votre visite sur notre site web ne sera attribu\u00e9e \u00e0 votre profil sur Instagram lorsque le plug-in est activ\u00e9.<br \/>Vous trouverez de plus amples informations sur la politique de confidentialit\u00e9 d&rsquo;Instagram \u00e0 l&rsquo;adresse https:\/\/help.instagram.com\/519522125107875 et sur les param\u00e8tres de confidentialit\u00e9 \u00e0 l&rsquo;adresse https:\/\/help.instagram.com\/196883487377501.<\/p><h4><strong>Droits de la personne concern\u00e9e<\/strong><\/h4><p>1. Opposition ou r\u00e9vocation du traitement de vos donn\u00e9es Si le traitement est fond\u00e9 sur votre consentement conform\u00e9ment \u00e0 l&rsquo;article 6, paragraphe 1, p. 1, point a), et \u00e0 l&rsquo;article 7 de l&rsquo;ODGV, vous avez le droit de r\u00e9voquer votre consentement \u00e0 tout moment. Cela n&rsquo;affecte pas la lic\u00e9it\u00e9 du traitement effectu\u00e9 sur la base du consentement jusqu&rsquo;\u00e0 la r\u00e9vocation. Dans la mesure o\u00f9 nous basons le traitement de vos donn\u00e9es \u00e0 caract\u00e8re personnel sur l&rsquo;\u00e9quilibre des int\u00e9r\u00eats conform\u00e9ment \u00e0 l&rsquo;article 6, paragraphe 1, alin\u00e9a 1, lettre f) de l&rsquo;ODGV, vous pouvez vous opposer au traitement. C&rsquo;est le cas si le traitement n&rsquo;est pas n\u00e9cessaire, notamment pour l&rsquo;ex\u00e9cution d&rsquo;un contrat avec vous, ce que nous indiquons dans chaque cas dans la description des fonctions qui suit. Lorsque vous exercez une telle objection, nous vous demandons d&rsquo;expliquer les raisons pour lesquelles nous ne devrions pas traiter vos donn\u00e9es personnelles comme nous l&rsquo;avons fait. En cas d&rsquo;objection justifi\u00e9e de votre part, nous examinerons le bien-fond\u00e9 de l&rsquo;affaire et soit nous cesserons ou adapterons le traitement des donn\u00e9es, soit nous vous montrerons nos raisons l\u00e9gitimes et imp\u00e9rieuses sur la base desquelles nous poursuivrons le traitement. Vous pouvez \u00e0 tout moment vous opposer au traitement de vos donn\u00e9es personnelles \u00e0 des fins publicitaires et d&rsquo;analyse des donn\u00e9es. Vous pouvez exercer le droit d&rsquo;opposition gratuitement. Vous pouvez nous faire part de votre objection \u00e0 la publicit\u00e9 en utilisant les coordonn\u00e9es suivantes :<br \/>2. <br \/>3. Historigations<br \/>4. Bueggenreuterstr. 2<br \/>5. 79106 Freiburg, Allemagne<br \/>6. e-mail: info@historigations.de.de<br \/>7. <br \/>8. Droit d&rsquo;acc\u00e8s<br \/>9. Vous avez le droit de nous demander de confirmer si des donn\u00e9es \u00e0 caract\u00e8re personnel vous concernant sont trait\u00e9es. Si tel est le cas, vous avez le droit d&rsquo;\u00eatre inform\u00e9 sur les donn\u00e9es \u00e0 caract\u00e8re personnel que nous conservons, conform\u00e9ment \u00e0 l&rsquo;article 15 DS-OGV. Cela comprend notamment des informations sur les finalit\u00e9s du traitement, la cat\u00e9gorie de donn\u00e9es \u00e0 caract\u00e8re personnel, les cat\u00e9gories de destinataires auxquels vos donn\u00e9es ont \u00e9t\u00e9 ou seront communiqu\u00e9es, la p\u00e9riode de conservation pr\u00e9vue, l&rsquo;origine de vos donn\u00e9es si elles n&rsquo;ont pas \u00e9t\u00e9 collect\u00e9es directement aupr\u00e8s de vous.<br \/>10. Droit de rectification<br \/>11. Vous avez le droit de faire corriger des donn\u00e9es inexactes ou de faire compl\u00e9ter des donn\u00e9es correctes conform\u00e9ment \u00e0 l&rsquo;article 16 DS-GVO.<br \/>12. Droit \u00e0 la suppression<br \/>13. Vous avez le droit de faire effacer les donn\u00e9es que nous avons enregistr\u00e9es conform\u00e9ment \u00e0 l&rsquo;article 17 DS-OGV, \u00e0 moins que des d\u00e9lais de conservation l\u00e9gaux ou contractuels ou d&rsquo;autres obligations ou droits l\u00e9gaux de stockage ult\u00e9rieur ne s&rsquo;y opposent.<br \/>14. Droit de restriction<br \/>15. Vous avez le droit de demander une limitation du traitement de vos donn\u00e9es \u00e0 caract\u00e8re personnel si l&rsquo;une des conditions de l&rsquo;article 18, paragraphe 1, points a) \u00e0 d), de l&rsquo;ODVG est remplie :<br \/>\u25e6 si vous contestez l&rsquo;exactitude des donn\u00e9es \u00e0 caract\u00e8re personnel vous concernant pendant une p\u00e9riode permettant au responsable du traitement de v\u00e9rifier l&rsquo;exactitude de ces donn\u00e9es;- si le traitement est illicite et que vous vous opposez \u00e0 l&rsquo;effacement des donn\u00e9es \u00e0 caract\u00e8re personnel et demandez \u00e0 la place la limitation de l&rsquo;utilisation des donn\u00e9es \u00e0 caract\u00e8re personnel;- si le responsable du traitement n&rsquo;a plus besoin des donn\u00e9es \u00e0 caract\u00e8re personnel aux fins du traitement, mais que vous en avez besoin pour faire valoir, exercer ou d\u00e9fendre des droits en justice, ou<br \/>\u25e6 si vous vous \u00eates oppos\u00e9 au traitement conform\u00e9ment \u00e0 l&rsquo;article 21, paragraphe 1, du DS-GVO et qu&rsquo;il n&rsquo;est pas encore clair si les raisons l\u00e9gitimes du responsable du traitement l&#8217;emportent sur vos raisons.<br \/>1. Droit \u00e0 la portabilit\u00e9 des donn\u00e9es<br \/>2. Vous avez un droit \u00e0 la portabilit\u00e9 des donn\u00e9es en vertu de l&rsquo;article 20 DS-GVO, ce qui signifie que vous pouvez recevoir les donn\u00e9es \u00e0 caract\u00e8re personnel que nous d\u00e9tenons sur vous dans un format structur\u00e9, commun et lisible par machine ou demander qu&rsquo;elles soient transf\u00e9r\u00e9es \u00e0 un autre responsable du traitement.<br \/>3. Droit de porter plainte<br \/>4. Vous avez le droit de vous plaindre aupr\u00e8s d&rsquo;une autorit\u00e9 de contr\u00f4le. En r\u00e8gle g\u00e9n\u00e9rale, vous pouvez vous adresser \u00e0 l&rsquo;autorit\u00e9 de contr\u00f4le \u00e0 cette fin, notamment dans l&rsquo;\u00c9tat membre de votre r\u00e9sidence, de votre lieu de travail ou du lieu de l&rsquo;infraction pr\u00e9sum\u00e9e.<\/p><h4><strong>S\u00e9curit\u00e9 des donn\u00e9es<\/strong><\/h4><p>Afin de prot\u00e9ger toutes les donn\u00e9es personnelles qui nous sont transmises et de garantir le respect des r\u00e8gles de protection des donn\u00e9es, tant par nous-m\u00eames que par nos prestataires de services externes, nous avons pris des mesures de s\u00e9curit\u00e9 techniques et organisationnelles appropri\u00e9es. C&rsquo;est pourquoi, entre autres, toutes les donn\u00e9es sont transmises entre votre navigateur et notre serveur via une connexion SSL s\u00e9curis\u00e9e.<\/p><h4><strong>Clause de non-responsabilit\u00e9<\/strong><\/h4><p>Il s&rsquo;agit d&rsquo;une traduction automatique du texte allemand. En cas de doute, la version originale allemande est d\u00e9terminante.<\/p>\t\t\t\t\t<\/div>\n\t\t\t\t\t\t<\/div>\n\t\t\t\t<\/div>\n\t\t\t\t\t\t<\/div>\n\t\t\t\t\t<\/div>\n\t\t<\/div>\n\t\t\t\t\t\t\t\t<\/div>\n\t\t\t\t\t<\/div>\n\t\t<\/section>\n\t\t\t\t\t\t<\/div>\n\t\t\t\t\t\t<\/div>\n\t\t\t\t\t<\/div>\n\t\t","protected":false},"excerpt":{"rendered":"<p>Mentions l\u00e9gales Dr.\u00a0Niklas NappRecherchedienstB\u00fcggenreuterstr.\u00a0279106 Freiburg im BreisgauAllemagne t\u00e9lephone: +49 176 206 43 801\u00e9mail: info@historigations.de source: Dessin de JuraForum.de (Link auf: https:\/\/www.juraforum.de\/impressum-generator\/) \u00a0 Mentions l\u00e9gales et protection de donn\u00e9es Conform\u00e9ment aux exigences l\u00e9gales de la loi sur la protection des donn\u00e9es (notamment en vertu de la BDSG n.F. et du r\u00e8glement europ\u00e9en sur la protection des [&hellip;]<\/p>\n","protected":false},"author":1,"featured_media":0,"parent":0,"menu_order":0,"comment_status":"closed","ping_status":"closed","template":"elementor_header_footer","meta":{"footnotes":""},"class_list":["post-687","page","type-page","status-publish","hentry"],"yoast_head":"<!-- This site is optimized with the Yoast SEO plugin v19.9 - https:\/\/yoast.com\/wordpress\/plugins\/seo\/ -->\n<title>HISTORIGATIONS \u2013 IHR RECHERCHEDIENST IM BUNDESARCHIV | Mentions l\u00e9gales Protection des donn\u00e9es<\/title>\n<meta name=\"robots\" content=\"index, follow, max-snippet:-1, max-image-preview:large, max-video-preview:-1\" \/>\n<link rel=\"canonical\" href=\"https:\/\/www.historigations.de\/fr\/datenschutz\/\" \/>\n<meta property=\"og:locale\" content=\"fr_FR\" \/>\n<meta property=\"og:type\" content=\"article\" \/>\n<meta property=\"og:title\" content=\"HISTORIGATIONS \u2013 IHR RECHERCHEDIENST IM BUNDESARCHIV | Mentions l\u00e9gales Protection des donn\u00e9es\" \/>\n<meta property=\"og:description\" content=\"Mentions l\u00e9gales Dr.\u00a0Niklas NappRecherchedienstB\u00fcggenreuterstr.\u00a0279106 Freiburg im BreisgauAllemagne t\u00e9lephone: +49 176 206 43 801\u00e9mail: info@historigations.de source: Dessin de JuraForum.de (Link auf: https:\/\/www.juraforum.de\/impressum-generator\/) \u00a0 Mentions l\u00e9gales et protection de donn\u00e9es Conform\u00e9ment aux exigences l\u00e9gales de la loi sur la protection des donn\u00e9es (notamment en vertu de la BDSG n.F. et du r\u00e8glement europ\u00e9en sur la protection des [&hellip;]\" \/>\n<meta property=\"og:url\" content=\"https:\/\/www.historigations.de\/fr\/datenschutz\/\" \/>\n<meta property=\"og:site_name\" content=\"HISTORIGATIONS \u2013 IHR RECHERCHEDIENST IM BUNDESARCHIV\" \/>\n<meta property=\"article:publisher\" content=\"https:\/\/www.facebook.com\/Historigations\" \/>\n<meta property=\"article:modified_time\" content=\"2021-03-05T17:36:49+00:00\" \/>\n<meta name=\"twitter:card\" content=\"summary_large_image\" \/>\n<script type=\"application\/ld+json\" class=\"yoast-schema-graph\">{\"@context\":\"https:\/\/schema.org\",\"@graph\":[{\"@type\":\"WebPage\",\"@id\":\"https:\/\/www.historigations.de\/fr\/datenschutz\/\",\"url\":\"https:\/\/www.historigations.de\/fr\/datenschutz\/\",\"name\":\"HISTORIGATIONS \u2013 IHR RECHERCHEDIENST IM BUNDESARCHIV | Mentions l\u00e9gales Protection des donn\u00e9es\",\"isPartOf\":{\"@id\":\"https:\/\/www.historigations.de\/#website\"},\"datePublished\":\"2021-02-05T18:46:45+00:00\",\"dateModified\":\"2021-03-05T17:36:49+00:00\",\"breadcrumb\":{\"@id\":\"https:\/\/www.historigations.de\/fr\/datenschutz\/#breadcrumb\"},\"inLanguage\":\"fr-FR\",\"potentialAction\":[{\"@type\":\"ReadAction\",\"target\":[\"https:\/\/www.historigations.de\/fr\/datenschutz\/\"]}]},{\"@type\":\"BreadcrumbList\",\"@id\":\"https:\/\/www.historigations.de\/fr\/datenschutz\/#breadcrumb\",\"itemListElement\":[{\"@type\":\"ListItem\",\"position\":1,\"name\":\"Startseite\",\"item\":\"https:\/\/www.historigations.de\/fr\/\"},{\"@type\":\"ListItem\",\"position\":2,\"name\":\"Mentions l\u00e9gales Protection des donn\u00e9es\"}]},{\"@type\":\"WebSite\",\"@id\":\"https:\/\/www.historigations.de\/#website\",\"url\":\"https:\/\/www.historigations.de\/\",\"name\":\"HISTORIGATIONS \u2013 IHR RECHERCHEDIENST IM BUNDESARCHIV\",\"description\":\"Historigations, specialized in unknown history!\",\"publisher\":{\"@id\":\"https:\/\/www.historigations.de\/#organization\"},\"potentialAction\":[{\"@type\":\"SearchAction\",\"target\":{\"@type\":\"EntryPoint\",\"urlTemplate\":\"https:\/\/www.historigations.de\/?s={search_term_string}\"},\"query-input\":\"required name=search_term_string\"}],\"inLanguage\":\"fr-FR\"},{\"@type\":\"Organization\",\"@id\":\"https:\/\/www.historigations.de\/#organization\",\"name\":\"Historigations\",\"url\":\"https:\/\/www.historigations.de\/\",\"logo\":{\"@type\":\"ImageObject\",\"inLanguage\":\"fr-FR\",\"@id\":\"https:\/\/www.historigations.de\/#\/schema\/logo\/image\/\",\"url\":\"https:\/\/www.historigations.de\/wp-content\/uploads\/2021\/01\/historigations_logo.png\",\"contentUrl\":\"https:\/\/www.historigations.de\/wp-content\/uploads\/2021\/01\/historigations_logo.png\",\"width\":526,\"height\":217,\"caption\":\"Historigations\"},\"image\":{\"@id\":\"https:\/\/www.historigations.de\/#\/schema\/logo\/image\/\"},\"sameAs\":[\"https:\/\/www.instagram.com\/historigations\/\",\"https:\/\/www.facebook.com\/Historigations\"]}]}<\/script>\n<!-- \/ Yoast SEO plugin. -->","yoast_head_json":{"title":"HISTORIGATIONS \u2013 IHR RECHERCHEDIENST IM BUNDESARCHIV | Mentions l\u00e9gales Protection des donn\u00e9es","robots":{"index":"index","follow":"follow","max-snippet":"max-snippet:-1","max-image-preview":"max-image-preview:large","max-video-preview":"max-video-preview:-1"},"canonical":"https:\/\/www.historigations.de\/fr\/datenschutz\/","og_locale":"fr_FR","og_type":"article","og_title":"HISTORIGATIONS \u2013 IHR RECHERCHEDIENST IM BUNDESARCHIV | Mentions l\u00e9gales Protection des donn\u00e9es","og_description":"Mentions l\u00e9gales Dr.\u00a0Niklas NappRecherchedienstB\u00fcggenreuterstr.\u00a0279106 Freiburg im BreisgauAllemagne t\u00e9lephone: +49 176 206 43 801\u00e9mail: info@historigations.de source: Dessin de JuraForum.de (Link auf: https:\/\/www.juraforum.de\/impressum-generator\/) \u00a0 Mentions l\u00e9gales et protection de donn\u00e9es Conform\u00e9ment aux exigences l\u00e9gales de la loi sur la protection des donn\u00e9es (notamment en vertu de la BDSG n.F. et du r\u00e8glement europ\u00e9en sur la protection des [&hellip;]","og_url":"https:\/\/www.historigations.de\/fr\/datenschutz\/","og_site_name":"HISTORIGATIONS \u2013 IHR RECHERCHEDIENST IM BUNDESARCHIV","article_publisher":"https:\/\/www.facebook.com\/Historigations","article_modified_time":"2021-03-05T17:36:49+00:00","twitter_card":"summary_large_image","schema":{"@context":"https:\/\/schema.org","@graph":[{"@type":"WebPage","@id":"https:\/\/www.historigations.de\/fr\/datenschutz\/","url":"https:\/\/www.historigations.de\/fr\/datenschutz\/","name":"HISTORIGATIONS \u2013 IHR RECHERCHEDIENST IM BUNDESARCHIV | Mentions l\u00e9gales Protection des donn\u00e9es","isPartOf":{"@id":"https:\/\/www.historigations.de\/#website"},"datePublished":"2021-02-05T18:46:45+00:00","dateModified":"2021-03-05T17:36:49+00:00","breadcrumb":{"@id":"https:\/\/www.historigations.de\/fr\/datenschutz\/#breadcrumb"},"inLanguage":"fr-FR","potentialAction":[{"@type":"ReadAction","target":["https:\/\/www.historigations.de\/fr\/datenschutz\/"]}]},{"@type":"BreadcrumbList","@id":"https:\/\/www.historigations.de\/fr\/datenschutz\/#breadcrumb","itemListElement":[{"@type":"ListItem","position":1,"name":"Startseite","item":"https:\/\/www.historigations.de\/fr\/"},{"@type":"ListItem","position":2,"name":"Mentions l\u00e9gales Protection des donn\u00e9es"}]},{"@type":"WebSite","@id":"https:\/\/www.historigations.de\/#website","url":"https:\/\/www.historigations.de\/","name":"HISTORIGATIONS \u2013 IHR RECHERCHEDIENST IM BUNDESARCHIV","description":"Historigations, specialized in unknown history!","publisher":{"@id":"https:\/\/www.historigations.de\/#organization"},"potentialAction":[{"@type":"SearchAction","target":{"@type":"EntryPoint","urlTemplate":"https:\/\/www.historigations.de\/?s={search_term_string}"},"query-input":"required name=search_term_string"}],"inLanguage":"fr-FR"},{"@type":"Organization","@id":"https:\/\/www.historigations.de\/#organization","name":"Historigations","url":"https:\/\/www.historigations.de\/","logo":{"@type":"ImageObject","inLanguage":"fr-FR","@id":"https:\/\/www.historigations.de\/#\/schema\/logo\/image\/","url":"https:\/\/www.historigations.de\/wp-content\/uploads\/2021\/01\/historigations_logo.png","contentUrl":"https:\/\/www.historigations.de\/wp-content\/uploads\/2021\/01\/historigations_logo.png","width":526,"height":217,"caption":"Historigations"},"image":{"@id":"https:\/\/www.historigations.de\/#\/schema\/logo\/image\/"},"sameAs":["https:\/\/www.instagram.com\/historigations\/","https:\/\/www.facebook.com\/Historigations"]}]}},"_links":{"self":[{"href":"https:\/\/www.historigations.de\/fr\/wp-json\/wp\/v2\/pages\/687","targetHints":{"allow":["GET"]}}],"collection":[{"href":"https:\/\/www.historigations.de\/fr\/wp-json\/wp\/v2\/pages"}],"about":[{"href":"https:\/\/www.historigations.de\/fr\/wp-json\/wp\/v2\/types\/page"}],"author":[{"embeddable":true,"href":"https:\/\/www.historigations.de\/fr\/wp-json\/wp\/v2\/users\/1"}],"replies":[{"embeddable":true,"href":"https:\/\/www.historigations.de\/fr\/wp-json\/wp\/v2\/comments?post=687"}],"version-history":[{"count":14,"href":"https:\/\/www.historigations.de\/fr\/wp-json\/wp\/v2\/pages\/687\/revisions"}],"predecessor-version":[{"id":1193,"href":"https:\/\/www.historigations.de\/fr\/wp-json\/wp\/v2\/pages\/687\/revisions\/1193"}],"wp:attachment":[{"href":"https:\/\/www.historigations.de\/fr\/wp-json\/wp\/v2\/media?parent=687"}],"curies":[{"name":"wp","href":"https:\/\/api.w.org\/{rel}","templated":true}]}}