{"id":739,"date":"2021-02-05T19:00:02","date_gmt":"2021-02-05T19:00:02","guid":{"rendered":"https:\/\/www.historigations.de\/profil\/"},"modified":"2022-02-16T14:45:16","modified_gmt":"2022-02-16T14:45:16","slug":"profil","status":"publish","type":"page","link":"https:\/\/www.historigations.de\/fr\/profil\/","title":{"rendered":"Profil"},"content":{"rendered":"\t\t<div data-elementor-type=\"wp-page\" data-elementor-id=\"739\" class=\"elementor elementor-739\" data-elementor-settings=\"[]\">\n\t\t\t\t\t\t<div class=\"elementor-inner\">\n\t\t\t\t\t\t\t<div class=\"elementor-section-wrap\">\n\t\t\t\t\t\t\t<section class=\"elementor-section elementor-top-section elementor-element elementor-element-1263f8c elementor-section-height-min-height elementor-section-content-top elementor-section-boxed elementor-section-height-default elementor-section-items-middle\" data-id=\"1263f8c\" data-element_type=\"section\" data-settings=\"{&quot;background_background&quot;:&quot;classic&quot;}\">\n\t\t\t\t\t\t\t<div class=\"elementor-background-overlay\"><\/div>\n\t\t\t\t\t\t\t<div class=\"elementor-container elementor-column-gap-no\">\n\t\t\t\t\t\t\t<div class=\"elementor-row\">\n\t\t\t\t\t<div class=\"elementor-column elementor-col-50 elementor-top-column elementor-element elementor-element-395549f\" data-id=\"395549f\" data-element_type=\"column\">\n\t\t\t<div class=\"elementor-column-wrap elementor-element-populated\">\n\t\t\t\t\t\t\t<div class=\"elementor-widget-wrap\">\n\t\t\t\t\t\t<div class=\"elementor-element elementor-element-a68faf1 elementor-widget elementor-widget-image\" data-id=\"a68faf1\" data-element_type=\"widget\" data-widget_type=\"image.default\">\n\t\t\t\t<div class=\"elementor-widget-container\">\n\t\t\t\t\t\t\t\t<div class=\"elementor-image\">\n\t\t\t\t\t\t\t\t\t\t\t\t<img loading=\"lazy\" decoding=\"async\" width=\"685\" height=\"1024\" src=\"https:\/\/www.historigations.de\/wp-content\/uploads\/2021\/01\/Niklas_Napp-685x1024.jpg\" class=\"attachment-large size-large\" alt=\"Portrait Foto Dr. Niklas Napp\" srcset=\"https:\/\/www.historigations.de\/wp-content\/uploads\/2021\/01\/Niklas_Napp-685x1024.jpg 685w, https:\/\/www.historigations.de\/wp-content\/uploads\/2021\/01\/Niklas_Napp-201x300.jpg 201w, https:\/\/www.historigations.de\/wp-content\/uploads\/2021\/01\/Niklas_Napp-768x1148.jpg 768w, https:\/\/www.historigations.de\/wp-content\/uploads\/2021\/01\/Niklas_Napp-1028x1536.jpg 1028w, https:\/\/www.historigations.de\/wp-content\/uploads\/2021\/01\/Niklas_Napp-1370x2048.jpg 1370w, https:\/\/www.historigations.de\/wp-content\/uploads\/2021\/01\/Niklas_Napp-scaled.jpg 1713w\" sizes=\"auto, (max-width: 685px) 100vw, 685px\" \/>\t\t\t\t\t\t\t\t\t\t\t\t\t\t<\/div>\n\t\t\t\t\t\t<\/div>\n\t\t\t\t<\/div>\n\t\t\t\t\t\t<\/div>\n\t\t\t\t\t<\/div>\n\t\t<\/div>\n\t\t\t\t<div class=\"elementor-column elementor-col-50 elementor-top-column elementor-element elementor-element-e49d5d1\" data-id=\"e49d5d1\" data-element_type=\"column\">\n\t\t\t<div class=\"elementor-column-wrap elementor-element-populated\">\n\t\t\t\t\t\t\t<div class=\"elementor-widget-wrap\">\n\t\t\t\t\t\t<div class=\"elementor-element elementor-element-9a5aa3c elementor-widget elementor-widget-text-editor\" data-id=\"9a5aa3c\" data-element_type=\"widget\" data-widget_type=\"text-editor.default\">\n\t\t\t\t<div class=\"elementor-widget-container\">\n\t\t\t\t\t\t\t\t<div class=\"elementor-text-editor elementor-clearfix\">\n\t\t\t\t<p>Les lieux perdus, les \u00e9v\u00e9nements mythiques et les tr\u00e9sors l\u00e9gendaires comme la Salle d&rsquo;ambre ou le Train d&rsquo;or de Wa\u0142brzych fascinent le Dr Niklas Napp depuis son enfance. Apr\u00e8s avoir obtenu son dipl\u00f4me au Katharineum de L\u00fcbeck, il a \u00e9tudi\u00e9 l&rsquo;histoire et l&rsquo;arch\u00e9ologie \u00e0 l&rsquo;universit\u00e9 Albert Ludwig de Fribourg-en-Brisgau. Pendant ses \u00e9tudes, il s&rsquo;est sp\u00e9cialis\u00e9 dans l&rsquo;histoire de l&rsquo;aviation allemande au d\u00e9but du XXe si\u00e8cle, jusqu&rsquo;alors largement n\u00e9glig\u00e9e, et a finalement pr\u00e9sent\u00e9 l&rsquo;un des premiers nouveaux travaux sur ce sujet de recherche en 2015 avec sa th\u00e8se sur les forces a\u00e9riennes allemandes pendant la Premi\u00e8re Guerre mondiale.<\/p><p>\u2028\u2028Comme cela a n\u00e9cessit\u00e9 des recherches approfondies dans les archives militaires de la Luftwaffe, le Dr Niklas Napp travaille depuis 2006 aux Archives f\u00e9d\u00e9rales\/Archives militaires en Fribourg. Depuis la fin de son doctorat, il poursuit ce travail en tant que chercheur officiel.\u2028\u2028<\/p><p>Ses propres recherches continuent \u00e0 se concentrer sur l&rsquo;aviation \u2013 en particulier militaire \u2013 dans la p\u00e9riode de 1900 \u00e0 1945. En tant que sp\u00e9cialiste ayant de nombreuses ann\u00e9es d&rsquo;exp\u00e9rience sur les sujets complexes de l&rsquo;\u00e9poque des guerres mondiales, des d\u00e9buts de l&rsquo;aviation et de l&rsquo;utilisation de la Luftwaffe, il fait partie du cercle d&rsquo;experts autour du mus\u00e9e d&rsquo;histoire militaire des forces arm\u00e9es allemandes \u2013 l&rsquo;a\u00e9rodrome de Gatow.\u2028\u2028<\/p><p>Le Dr Niklas Napp est membre du Groupe de travail sur l&rsquo;histoire militaire, de l&rsquo;Association des historiens allemands et du Service pour l\u2019entretien des s\u00e9pultures militaires allemandes.<\/p>\t\t\t\t\t<\/div>\n\t\t\t\t\t\t<\/div>\n\t\t\t\t<\/div>\n\t\t\t\t\t\t<\/div>\n\t\t\t\t\t<\/div>\n\t\t<\/div>\n\t\t\t\t\t\t\t\t<\/div>\n\t\t\t\t\t<\/div>\n\t\t<\/section>\n\t\t\t\t\t\t<\/div>\n\t\t\t\t\t\t<\/div>\n\t\t\t\t\t<\/div>\n\t\t","protected":false},"excerpt":{"rendered":"<p>Les lieux perdus, les \u00e9v\u00e9nements mythiques et les tr\u00e9sors l\u00e9gendaires comme la Salle d&rsquo;ambre ou le Train d&rsquo;or de Wa\u0142brzych fascinent le Dr Niklas Napp depuis son enfance. Apr\u00e8s avoir obtenu son dipl\u00f4me au Katharineum de L\u00fcbeck, il a \u00e9tudi\u00e9 l&rsquo;histoire et l&rsquo;arch\u00e9ologie \u00e0 l&rsquo;universit\u00e9 Albert Ludwig de Fribourg-en-Brisgau. Pendant ses \u00e9tudes, il s&rsquo;est sp\u00e9cialis\u00e9 [&hellip;]<\/p>\n","protected":false},"author":1,"featured_media":0,"parent":0,"menu_order":0,"comment_status":"closed","ping_status":"closed","template":"elementor_header_footer","meta":{"footnotes":""},"class_list":["post-739","page","type-page","status-publish","hentry"],"yoast_head":"<!-- This site is optimized with the Yoast SEO plugin v19.9 - https:\/\/yoast.com\/wordpress\/plugins\/seo\/ -->\n<title>HISTORIGATIONS \u2013 IHR RECHERCHEDIENST IM BUNDESARCHIV | Profil<\/title>\n<meta name=\"robots\" content=\"index, follow, max-snippet:-1, max-image-preview:large, max-video-preview:-1\" \/>\n<link rel=\"canonical\" href=\"https:\/\/www.historigations.de\/fr\/profil\/\" \/>\n<meta property=\"og:locale\" content=\"fr_FR\" \/>\n<meta property=\"og:type\" content=\"article\" \/>\n<meta property=\"og:title\" content=\"HISTORIGATIONS \u2013 IHR RECHERCHEDIENST IM BUNDESARCHIV | Profil\" \/>\n<meta property=\"og:description\" content=\"Les lieux perdus, les \u00e9v\u00e9nements mythiques et les tr\u00e9sors l\u00e9gendaires comme la Salle d&rsquo;ambre ou le Train d&rsquo;or de Wa\u0142brzych fascinent le Dr Niklas Napp depuis son enfance. Apr\u00e8s avoir obtenu son dipl\u00f4me au Katharineum de L\u00fcbeck, il a \u00e9tudi\u00e9 l&rsquo;histoire et l&rsquo;arch\u00e9ologie \u00e0 l&rsquo;universit\u00e9 Albert Ludwig de Fribourg-en-Brisgau. Pendant ses \u00e9tudes, il s&rsquo;est sp\u00e9cialis\u00e9 [&hellip;]\" \/>\n<meta property=\"og:url\" content=\"https:\/\/www.historigations.de\/fr\/profil\/\" \/>\n<meta property=\"og:site_name\" content=\"HISTORIGATIONS \u2013 IHR RECHERCHEDIENST IM BUNDESARCHIV\" \/>\n<meta property=\"article:publisher\" content=\"https:\/\/www.facebook.com\/Historigations\" \/>\n<meta property=\"article:modified_time\" content=\"2022-02-16T14:45:16+00:00\" \/>\n<meta property=\"og:image\" content=\"https:\/\/www.historigations.de\/wp-content\/uploads\/2021\/01\/Niklas_Napp-685x1024.jpg\" \/>\n<meta name=\"twitter:card\" content=\"summary_large_image\" \/>\n<script type=\"application\/ld+json\" class=\"yoast-schema-graph\">{\"@context\":\"https:\/\/schema.org\",\"@graph\":[{\"@type\":\"WebPage\",\"@id\":\"https:\/\/www.historigations.de\/fr\/profil\/\",\"url\":\"https:\/\/www.historigations.de\/fr\/profil\/\",\"name\":\"HISTORIGATIONS \u2013 IHR RECHERCHEDIENST IM BUNDESARCHIV | Profil\",\"isPartOf\":{\"@id\":\"https:\/\/www.historigations.de\/#website\"},\"datePublished\":\"2021-02-05T19:00:02+00:00\",\"dateModified\":\"2022-02-16T14:45:16+00:00\",\"breadcrumb\":{\"@id\":\"https:\/\/www.historigations.de\/fr\/profil\/#breadcrumb\"},\"inLanguage\":\"fr-FR\",\"potentialAction\":[{\"@type\":\"ReadAction\",\"target\":[\"https:\/\/www.historigations.de\/fr\/profil\/\"]}]},{\"@type\":\"BreadcrumbList\",\"@id\":\"https:\/\/www.historigations.de\/fr\/profil\/#breadcrumb\",\"itemListElement\":[{\"@type\":\"ListItem\",\"position\":1,\"name\":\"Startseite\",\"item\":\"https:\/\/www.historigations.de\/fr\/\"},{\"@type\":\"ListItem\",\"position\":2,\"name\":\"Profil\"}]},{\"@type\":\"WebSite\",\"@id\":\"https:\/\/www.historigations.de\/#website\",\"url\":\"https:\/\/www.historigations.de\/\",\"name\":\"HISTORIGATIONS \u2013 IHR RECHERCHEDIENST IM BUNDESARCHIV\",\"description\":\"Historigations, specialized in unknown history!\",\"publisher\":{\"@id\":\"https:\/\/www.historigations.de\/#organization\"},\"potentialAction\":[{\"@type\":\"SearchAction\",\"target\":{\"@type\":\"EntryPoint\",\"urlTemplate\":\"https:\/\/www.historigations.de\/?s={search_term_string}\"},\"query-input\":\"required name=search_term_string\"}],\"inLanguage\":\"fr-FR\"},{\"@type\":\"Organization\",\"@id\":\"https:\/\/www.historigations.de\/#organization\",\"name\":\"Historigations\",\"url\":\"https:\/\/www.historigations.de\/\",\"logo\":{\"@type\":\"ImageObject\",\"inLanguage\":\"fr-FR\",\"@id\":\"https:\/\/www.historigations.de\/#\/schema\/logo\/image\/\",\"url\":\"https:\/\/www.historigations.de\/wp-content\/uploads\/2021\/01\/historigations_logo.png\",\"contentUrl\":\"https:\/\/www.historigations.de\/wp-content\/uploads\/2021\/01\/historigations_logo.png\",\"width\":526,\"height\":217,\"caption\":\"Historigations\"},\"image\":{\"@id\":\"https:\/\/www.historigations.de\/#\/schema\/logo\/image\/\"},\"sameAs\":[\"https:\/\/www.instagram.com\/historigations\/\",\"https:\/\/www.facebook.com\/Historigations\"]}]}<\/script>\n<!-- \/ Yoast SEO plugin. -->","yoast_head_json":{"title":"HISTORIGATIONS \u2013 IHR RECHERCHEDIENST IM BUNDESARCHIV | Profil","robots":{"index":"index","follow":"follow","max-snippet":"max-snippet:-1","max-image-preview":"max-image-preview:large","max-video-preview":"max-video-preview:-1"},"canonical":"https:\/\/www.historigations.de\/fr\/profil\/","og_locale":"fr_FR","og_type":"article","og_title":"HISTORIGATIONS \u2013 IHR RECHERCHEDIENST IM BUNDESARCHIV | Profil","og_description":"Les lieux perdus, les \u00e9v\u00e9nements mythiques et les tr\u00e9sors l\u00e9gendaires comme la Salle d&rsquo;ambre ou le Train d&rsquo;or de Wa\u0142brzych fascinent le Dr Niklas Napp depuis son enfance. Apr\u00e8s avoir obtenu son dipl\u00f4me au Katharineum de L\u00fcbeck, il a \u00e9tudi\u00e9 l&rsquo;histoire et l&rsquo;arch\u00e9ologie \u00e0 l&rsquo;universit\u00e9 Albert Ludwig de Fribourg-en-Brisgau. Pendant ses \u00e9tudes, il s&rsquo;est sp\u00e9cialis\u00e9 [&hellip;]","og_url":"https:\/\/www.historigations.de\/fr\/profil\/","og_site_name":"HISTORIGATIONS \u2013 IHR RECHERCHEDIENST IM BUNDESARCHIV","article_publisher":"https:\/\/www.facebook.com\/Historigations","article_modified_time":"2022-02-16T14:45:16+00:00","og_image":[{"url":"https:\/\/www.historigations.de\/wp-content\/uploads\/2021\/01\/Niklas_Napp-685x1024.jpg"}],"twitter_card":"summary_large_image","schema":{"@context":"https:\/\/schema.org","@graph":[{"@type":"WebPage","@id":"https:\/\/www.historigations.de\/fr\/profil\/","url":"https:\/\/www.historigations.de\/fr\/profil\/","name":"HISTORIGATIONS \u2013 IHR RECHERCHEDIENST IM BUNDESARCHIV | Profil","isPartOf":{"@id":"https:\/\/www.historigations.de\/#website"},"datePublished":"2021-02-05T19:00:02+00:00","dateModified":"2022-02-16T14:45:16+00:00","breadcrumb":{"@id":"https:\/\/www.historigations.de\/fr\/profil\/#breadcrumb"},"inLanguage":"fr-FR","potentialAction":[{"@type":"ReadAction","target":["https:\/\/www.historigations.de\/fr\/profil\/"]}]},{"@type":"BreadcrumbList","@id":"https:\/\/www.historigations.de\/fr\/profil\/#breadcrumb","itemListElement":[{"@type":"ListItem","position":1,"name":"Startseite","item":"https:\/\/www.historigations.de\/fr\/"},{"@type":"ListItem","position":2,"name":"Profil"}]},{"@type":"WebSite","@id":"https:\/\/www.historigations.de\/#website","url":"https:\/\/www.historigations.de\/","name":"HISTORIGATIONS \u2013 IHR RECHERCHEDIENST IM BUNDESARCHIV","description":"Historigations, specialized in unknown history!","publisher":{"@id":"https:\/\/www.historigations.de\/#organization"},"potentialAction":[{"@type":"SearchAction","target":{"@type":"EntryPoint","urlTemplate":"https:\/\/www.historigations.de\/?s={search_term_string}"},"query-input":"required name=search_term_string"}],"inLanguage":"fr-FR"},{"@type":"Organization","@id":"https:\/\/www.historigations.de\/#organization","name":"Historigations","url":"https:\/\/www.historigations.de\/","logo":{"@type":"ImageObject","inLanguage":"fr-FR","@id":"https:\/\/www.historigations.de\/#\/schema\/logo\/image\/","url":"https:\/\/www.historigations.de\/wp-content\/uploads\/2021\/01\/historigations_logo.png","contentUrl":"https:\/\/www.historigations.de\/wp-content\/uploads\/2021\/01\/historigations_logo.png","width":526,"height":217,"caption":"Historigations"},"image":{"@id":"https:\/\/www.historigations.de\/#\/schema\/logo\/image\/"},"sameAs":["https:\/\/www.instagram.com\/historigations\/","https:\/\/www.facebook.com\/Historigations"]}]}},"_links":{"self":[{"href":"https:\/\/www.historigations.de\/fr\/wp-json\/wp\/v2\/pages\/739","targetHints":{"allow":["GET"]}}],"collection":[{"href":"https:\/\/www.historigations.de\/fr\/wp-json\/wp\/v2\/pages"}],"about":[{"href":"https:\/\/www.historigations.de\/fr\/wp-json\/wp\/v2\/types\/page"}],"author":[{"embeddable":true,"href":"https:\/\/www.historigations.de\/fr\/wp-json\/wp\/v2\/users\/1"}],"replies":[{"embeddable":true,"href":"https:\/\/www.historigations.de\/fr\/wp-json\/wp\/v2\/comments?post=739"}],"version-history":[{"count":7,"href":"https:\/\/www.historigations.de\/fr\/wp-json\/wp\/v2\/pages\/739\/revisions"}],"predecessor-version":[{"id":1381,"href":"https:\/\/www.historigations.de\/fr\/wp-json\/wp\/v2\/pages\/739\/revisions\/1381"}],"wp:attachment":[{"href":"https:\/\/www.historigations.de\/fr\/wp-json\/wp\/v2\/media?parent=739"}],"curies":[{"name":"wp","href":"https:\/\/api.w.org\/{rel}","templated":true}]}}