{"id":818,"date":"2021-02-12T13:07:09","date_gmt":"2021-02-12T13:07:09","guid":{"rendered":"https:\/\/www.historigations.de\/archiver\/"},"modified":"2022-02-16T14:46:43","modified_gmt":"2022-02-16T14:46:43","slug":"les-archives","status":"publish","type":"page","link":"https:\/\/www.historigations.de\/fr\/les-archives\/","title":{"rendered":"Les Archives"},"content":{"rendered":"\t\t<div data-elementor-type=\"wp-page\" data-elementor-id=\"818\" class=\"elementor elementor-818\" data-elementor-settings=\"[]\">\n\t\t\t\t\t\t<div class=\"elementor-inner\">\n\t\t\t\t\t\t\t<div class=\"elementor-section-wrap\">\n\t\t\t\t\t\t\t<section class=\"elementor-section elementor-top-section elementor-element elementor-element-4ebc514 elementor-section-height-min-height elementor-section-content-top elementor-section-boxed elementor-section-height-default elementor-section-items-middle\" data-id=\"4ebc514\" data-element_type=\"section\" data-settings=\"{&quot;background_background&quot;:&quot;classic&quot;}\">\n\t\t\t\t\t\t\t<div class=\"elementor-background-overlay\"><\/div>\n\t\t\t\t\t\t\t<div class=\"elementor-container elementor-column-gap-no\">\n\t\t\t\t\t\t\t<div class=\"elementor-row\">\n\t\t\t\t\t<div class=\"elementor-column elementor-col-100 elementor-top-column elementor-element elementor-element-3236773\" data-id=\"3236773\" data-element_type=\"column\" data-settings=\"{&quot;background_background&quot;:&quot;classic&quot;}\">\n\t\t\t<div class=\"elementor-column-wrap elementor-element-populated\">\n\t\t\t\t\t\t\t<div class=\"elementor-widget-wrap\">\n\t\t\t\t\t\t<div class=\"elementor-element elementor-element-708e642 elementor-widget elementor-widget-text-editor\" data-id=\"708e642\" data-element_type=\"widget\" data-widget_type=\"text-editor.default\">\n\t\t\t\t<div class=\"elementor-widget-container\">\n\t\t\t\t\t\t\t\t<div class=\"elementor-text-editor elementor-clearfix\">\n\t\t\t\t<p>Nous concentrons nos recherches sur les archives accessibles au public suivantes et, si n\u00e9cessaire, sur d&rsquo;autres lieux en Allemagne et dans les pays voisins.<\/p><h4>\u00a0<\/h4><h4><strong>L&rsquo;agglom\u00e9ration de L\u00fcbeck-Hambourg (s\u00e9lection) :<\/strong><\/h4><p>\u2022<a href=\"https:\/\/www.luebeck.de\/de\/stadtleben\/kultur\/stadtarchiv\/index.html\" target=\"_blank\" rel=\"noopener\"> Archives de la ville hans\u00e9atique de L\u00fcbeck<\/a> <br \/>\u2022<a href=\"https:\/\/www.hansestadtlueneburg.de\/Home-Hansestadt-Lueneburg\/Gesellschaft-Soziales-und-Bildung\/Bildung-hansestadt-lueneburg\/Stadtarchiv-hansestadt-lueneburg.aspx\" target=\"_blank\" rel=\"noopener\"> Archives de la ville hans\u00e9atique de Lunebourg<\/a> <br \/>\u2022<a href=\"https:\/\/www.schleswig-holstein.de\/DE\/Landesregierung\/LASH\/_startseite\/_documents\/willkommen.html\" target=\"_blank\" rel=\"noopener\"> Archives de l&rsquo;\u00c9tat du Schleswig-Holstein<\/a> <br \/>\u2022<a href=\"https:\/\/www.hamburg.de\/staatsarchiv\/\" target=\"_blank\" rel=\"noopener\"> Archives d&rsquo;\u00c9tat de la ville libre et hans\u00e9atique de Hambourg<\/a> <br \/>\u2022<a href=\"https:\/\/www.kiel.de\/de\/bildung_wissenschaft\/stadtarchiv\/\" target=\"_blank\" rel=\"noopener\"> Archives de la ville de Kiel<\/a> <br \/>\u2022<a href=\"https:\/\/www.schwerin.de\/kultur-tourismus\/kunst-kultur-alt\/volkshochschule-literatur-bibliotheken-archive\/stadtarchiv\/unser-stadtarchiv\/index.html\" target=\"_blank\" rel=\"noopener\"> Archives de la ville de Schwerin<\/a> <br \/>\u2022<a href=\"https:\/\/www.wismar.de\/B%C3%BCrger\/Kultur_Freizeit_Sport\/Stadtarchiv\/\" target=\"_blank\" rel=\"noopener\"> Archives de la ville de Wismar<\/a> <br \/>\u2022<a href=\"https:\/\/www.archiv.uni-hamburg.de\/\" target=\"_blank\" rel=\"noopener\"> Archives de l&rsquo;Universit\u00e9 de Hambourg<\/a><\/p><h4>\u00a0<\/h4><h4><strong>L&rsquo;agglom\u00e9ration de Stralsund-Greifswald (s\u00e9lection) :<\/strong><\/h4><p>\u2022<a href=\"https:\/\/archivlandschaft.vda.lvmecklenburg-vorpommern.archiv.net\/archiv-des-landkreises-vorpommern-greifswald-standort-pasewalk.html\" target=\"_blank\" rel=\"noopener\"> Archives de district du district de Vorpommern-Greifswald<\/a> <br \/>\u2022<a href=\"https:\/\/stadtarchiv.stralsund.de\/index.html\" target=\"_blank\" rel=\"noopener\"> Archives de la ville hans\u00e9atique de Stralsund<\/a> <br \/>\u2022<a href=\"https:\/\/www.greifswald.de\/de\/freizeit-kultur\/kultur\/stadtarchiv\/\" target=\"_blank\" rel=\"noopener\"> Archives de la ville de Greifswald<\/a> <br \/>\u2022<a href=\"https:\/\/www.uni-greifswald.de\/universitaet\/einrichtungen\/archiv\/\" target=\"_blank\" rel=\"noopener\"> Archives universitaires Greifswald<\/a><\/p><h4>\u00a0<\/h4><h4><strong>L&rsquo;agglom\u00e9ration de Nuremberg-Bamberg (s\u00e9lection) :<\/strong><\/h4><p>\u2022<a href=\"https:\/\/archiv.kirche-bamberg.de\/\" target=\"_blank\" rel=\"noopener\"> Archives de l&rsquo;archidioc\u00e8se de Bamberg<\/a> <br \/>\u2022<a href=\"https:\/\/www.gda.bayern.de\/archive\/bamberg\/bestaende\/\" target=\"_blank\" rel=\"noopener\"> Archives de l&rsquo;\u00c9tat de Bamberg<\/a> <br \/>\u2022<a href=\"https:\/\/www.gda.bayern.de\/nuernberg\/\" target=\"_blank\" rel=\"noopener\"> Archives d&rsquo;\u00c9tat de Nuremberg<\/a> <br \/>\u2022<a href=\"https:\/\/www.coburg.de\/Subportale\/Stadtarchiv.aspx\" target=\"_blank\" rel=\"noopener\"> Archives de la ville de Cobourg<\/a> <br \/>\u2022<a href=\"https:\/\/www.schweinfurt.de\/kultur-event\/stadtarchiv-stadtbibliothek\/504.Stadtarchiv-und-Stadtbibliothek-Schweinfurt.html\" target=\"_blank\" rel=\"noopener\"> Archives de la ville de Schweinfurt<\/a> <br \/>\u2022<a href=\"https:\/\/www.uni-bamberg.de\/arch\/\" target=\"_blank\" rel=\"noopener\"> Archives de l&rsquo;Universit\u00e9 de Bamberg<\/a> <br \/>\u2022<a href=\"https:\/\/www.fau.de\/fau\/fakultaeten-und-einrichtungen\/universitaetsarchiv\/#collapse_1\" target=\"_blank\" rel=\"noopener\"> Archives de l&rsquo;Universit\u00e9 Erlangen-Nuremberg<\/a><\/p><h4>\u00a0<\/h4><h4><strong>L&rsquo;agglom\u00e9ration de Karlsruhe-B\u00e2le (s\u00e9lection) :<\/strong><\/h4><p>\u2022<a href=\"https:\/\/www.bundesarchiv.de\/DE\/Navigation\/Meta\/Ueber-uns\/Dienstorte\/Freiburg-im-Breisgau\/freiburg-im-breisgau.html\" target=\"_blank\" rel=\"noopener\"> Archives f\u00e9d\u00e9rales \/ Archives militaires Fribourg<\/a> <br \/>\u2022<a href=\"https:\/\/tagebucharchiv.de\/\" target=\"_blank\" rel=\"noopener\"> Archives de journaux allemands Emmendingen<\/a> <br \/>\u2022<a href=\"https:\/\/www1.erzbistum-freiburg.de\/erzdioezese-freiburg\/erzbischoefliches-ordinariat\/dioezesanstelle-archive-bibliotheken-schriftgutverwaltung\/erzb-archiv\/\" target=\"_blank\" rel=\"noopener\"> Archives de l&rsquo;archev\u00eaque de l&rsquo;archidioc\u00e8se de Fribourg<\/a> <br \/>\u2022<a href=\"https:\/\/www.landesarchiv-bw.de\/de\/landesarchiv\/standorte\/staatsarchiv-freiburg\/47231\" target=\"_blank\" rel=\"noopener\"> Archives d&rsquo;\u00c9tat Fribourg-en-Brisgau<\/a> <br \/>\u2022<a href=\"https:\/\/www.freiburg.de\/pb\/,Lde\/235788.html\" target=\"_blank\" rel=\"noopener\"> Archives de la ville de Fribourg im Breisgau<\/a> <br \/>\u2022<a href=\"https:\/\/www.karlsruhe.de\/b1\/stadtgeschichte\/stadtarchiv.de\" target=\"_blank\" rel=\"noopener\"> Archives de la ville de Karlsruhe<\/a> <br \/>\u2022<a href=\"https:\/\/stadtarchiv-offenburg.de\/\" target=\"_blank\" rel=\"noopener\"> Archives de la ville d&rsquo;Offenbourg<\/a> <br \/>\u2022<a href=\"https:\/\/www.uniarchiv.uni-freiburg.de\/\" target=\"_blank\" rel=\"noopener\"> Archives universitaires de l&rsquo;Universit\u00e9 Albert Ludwig de Fribourg<\/a><\/p>\t\t\t\t\t<\/div>\n\t\t\t\t\t\t<\/div>\n\t\t\t\t<\/div>\n\t\t\t\t\t\t<\/div>\n\t\t\t\t\t<\/div>\n\t\t<\/div>\n\t\t\t\t\t\t\t\t<\/div>\n\t\t\t\t\t<\/div>\n\t\t<\/section>\n\t\t\t\t\t\t<\/div>\n\t\t\t\t\t\t<\/div>\n\t\t\t\t\t<\/div>\n\t\t","protected":false},"excerpt":{"rendered":"<p>Nous concentrons nos recherches sur les archives accessibles au public suivantes et, si n\u00e9cessaire, sur d&rsquo;autres lieux en Allemagne et dans les pays voisins. \u00a0 L&rsquo;agglom\u00e9ration de L\u00fcbeck-Hambourg (s\u00e9lection) : \u2022 Archives de la ville hans\u00e9atique de L\u00fcbeck \u2022 Archives de la ville hans\u00e9atique de Lunebourg \u2022 Archives de l&rsquo;\u00c9tat du Schleswig-Holstein \u2022 Archives d&rsquo;\u00c9tat [&hellip;]<\/p>\n","protected":false},"author":1,"featured_media":0,"parent":0,"menu_order":0,"comment_status":"closed","ping_status":"closed","template":"elementor_header_footer","meta":{"footnotes":""},"class_list":["post-818","page","type-page","status-publish","hentry"],"yoast_head":"<!-- This site is optimized with the Yoast SEO plugin v19.9 - https:\/\/yoast.com\/wordpress\/plugins\/seo\/ -->\n<title>HISTORIGATIONS \u2013 IHR RECHERCHEDIENST IM BUNDESARCHIV | Les Archives<\/title>\n<meta name=\"robots\" content=\"index, follow, max-snippet:-1, max-image-preview:large, max-video-preview:-1\" \/>\n<link rel=\"canonical\" href=\"https:\/\/www.historigations.de\/fr\/les-archives\/\" \/>\n<meta property=\"og:locale\" content=\"fr_FR\" \/>\n<meta property=\"og:type\" content=\"article\" \/>\n<meta property=\"og:title\" content=\"HISTORIGATIONS \u2013 IHR RECHERCHEDIENST IM BUNDESARCHIV | Les Archives\" \/>\n<meta property=\"og:description\" content=\"Nous concentrons nos recherches sur les archives accessibles au public suivantes et, si n\u00e9cessaire, sur d&rsquo;autres lieux en Allemagne et dans les pays voisins. \u00a0 L&rsquo;agglom\u00e9ration de L\u00fcbeck-Hambourg (s\u00e9lection) : \u2022 Archives de la ville hans\u00e9atique de L\u00fcbeck \u2022 Archives de la ville hans\u00e9atique de Lunebourg \u2022 Archives de l&rsquo;\u00c9tat du Schleswig-Holstein \u2022 Archives d&rsquo;\u00c9tat [&hellip;]\" \/>\n<meta property=\"og:url\" content=\"https:\/\/www.historigations.de\/fr\/les-archives\/\" \/>\n<meta property=\"og:site_name\" content=\"HISTORIGATIONS \u2013 IHR RECHERCHEDIENST IM BUNDESARCHIV\" \/>\n<meta property=\"article:publisher\" content=\"https:\/\/www.facebook.com\/Historigations\" \/>\n<meta property=\"article:modified_time\" content=\"2022-02-16T14:46:43+00:00\" \/>\n<meta name=\"twitter:card\" content=\"summary_large_image\" \/>\n<script type=\"application\/ld+json\" class=\"yoast-schema-graph\">{\"@context\":\"https:\/\/schema.org\",\"@graph\":[{\"@type\":\"WebPage\",\"@id\":\"https:\/\/www.historigations.de\/fr\/les-archives\/\",\"url\":\"https:\/\/www.historigations.de\/fr\/les-archives\/\",\"name\":\"HISTORIGATIONS \u2013 IHR RECHERCHEDIENST IM BUNDESARCHIV | Les Archives\",\"isPartOf\":{\"@id\":\"https:\/\/www.historigations.de\/#website\"},\"datePublished\":\"2021-02-12T13:07:09+00:00\",\"dateModified\":\"2022-02-16T14:46:43+00:00\",\"breadcrumb\":{\"@id\":\"https:\/\/www.historigations.de\/fr\/les-archives\/#breadcrumb\"},\"inLanguage\":\"fr-FR\",\"potentialAction\":[{\"@type\":\"ReadAction\",\"target\":[\"https:\/\/www.historigations.de\/fr\/les-archives\/\"]}]},{\"@type\":\"BreadcrumbList\",\"@id\":\"https:\/\/www.historigations.de\/fr\/les-archives\/#breadcrumb\",\"itemListElement\":[{\"@type\":\"ListItem\",\"position\":1,\"name\":\"Startseite\",\"item\":\"https:\/\/www.historigations.de\/fr\/\"},{\"@type\":\"ListItem\",\"position\":2,\"name\":\"Les Archives\"}]},{\"@type\":\"WebSite\",\"@id\":\"https:\/\/www.historigations.de\/#website\",\"url\":\"https:\/\/www.historigations.de\/\",\"name\":\"HISTORIGATIONS \u2013 IHR RECHERCHEDIENST IM BUNDESARCHIV\",\"description\":\"Historigations, specialized in unknown history!\",\"publisher\":{\"@id\":\"https:\/\/www.historigations.de\/#organization\"},\"potentialAction\":[{\"@type\":\"SearchAction\",\"target\":{\"@type\":\"EntryPoint\",\"urlTemplate\":\"https:\/\/www.historigations.de\/?s={search_term_string}\"},\"query-input\":\"required name=search_term_string\"}],\"inLanguage\":\"fr-FR\"},{\"@type\":\"Organization\",\"@id\":\"https:\/\/www.historigations.de\/#organization\",\"name\":\"Historigations\",\"url\":\"https:\/\/www.historigations.de\/\",\"logo\":{\"@type\":\"ImageObject\",\"inLanguage\":\"fr-FR\",\"@id\":\"https:\/\/www.historigations.de\/#\/schema\/logo\/image\/\",\"url\":\"https:\/\/www.historigations.de\/wp-content\/uploads\/2021\/01\/historigations_logo.png\",\"contentUrl\":\"https:\/\/www.historigations.de\/wp-content\/uploads\/2021\/01\/historigations_logo.png\",\"width\":526,\"height\":217,\"caption\":\"Historigations\"},\"image\":{\"@id\":\"https:\/\/www.historigations.de\/#\/schema\/logo\/image\/\"},\"sameAs\":[\"https:\/\/www.instagram.com\/historigations\/\",\"https:\/\/www.facebook.com\/Historigations\"]}]}<\/script>\n<!-- \/ Yoast SEO plugin. -->","yoast_head_json":{"title":"HISTORIGATIONS \u2013 IHR RECHERCHEDIENST IM BUNDESARCHIV | Les Archives","robots":{"index":"index","follow":"follow","max-snippet":"max-snippet:-1","max-image-preview":"max-image-preview:large","max-video-preview":"max-video-preview:-1"},"canonical":"https:\/\/www.historigations.de\/fr\/les-archives\/","og_locale":"fr_FR","og_type":"article","og_title":"HISTORIGATIONS \u2013 IHR RECHERCHEDIENST IM BUNDESARCHIV | Les Archives","og_description":"Nous concentrons nos recherches sur les archives accessibles au public suivantes et, si n\u00e9cessaire, sur d&rsquo;autres lieux en Allemagne et dans les pays voisins. \u00a0 L&rsquo;agglom\u00e9ration de L\u00fcbeck-Hambourg (s\u00e9lection) : \u2022 Archives de la ville hans\u00e9atique de L\u00fcbeck \u2022 Archives de la ville hans\u00e9atique de Lunebourg \u2022 Archives de l&rsquo;\u00c9tat du Schleswig-Holstein \u2022 Archives d&rsquo;\u00c9tat [&hellip;]","og_url":"https:\/\/www.historigations.de\/fr\/les-archives\/","og_site_name":"HISTORIGATIONS \u2013 IHR RECHERCHEDIENST IM BUNDESARCHIV","article_publisher":"https:\/\/www.facebook.com\/Historigations","article_modified_time":"2022-02-16T14:46:43+00:00","twitter_card":"summary_large_image","schema":{"@context":"https:\/\/schema.org","@graph":[{"@type":"WebPage","@id":"https:\/\/www.historigations.de\/fr\/les-archives\/","url":"https:\/\/www.historigations.de\/fr\/les-archives\/","name":"HISTORIGATIONS \u2013 IHR RECHERCHEDIENST IM BUNDESARCHIV | Les Archives","isPartOf":{"@id":"https:\/\/www.historigations.de\/#website"},"datePublished":"2021-02-12T13:07:09+00:00","dateModified":"2022-02-16T14:46:43+00:00","breadcrumb":{"@id":"https:\/\/www.historigations.de\/fr\/les-archives\/#breadcrumb"},"inLanguage":"fr-FR","potentialAction":[{"@type":"ReadAction","target":["https:\/\/www.historigations.de\/fr\/les-archives\/"]}]},{"@type":"BreadcrumbList","@id":"https:\/\/www.historigations.de\/fr\/les-archives\/#breadcrumb","itemListElement":[{"@type":"ListItem","position":1,"name":"Startseite","item":"https:\/\/www.historigations.de\/fr\/"},{"@type":"ListItem","position":2,"name":"Les Archives"}]},{"@type":"WebSite","@id":"https:\/\/www.historigations.de\/#website","url":"https:\/\/www.historigations.de\/","name":"HISTORIGATIONS \u2013 IHR RECHERCHEDIENST IM BUNDESARCHIV","description":"Historigations, specialized in unknown history!","publisher":{"@id":"https:\/\/www.historigations.de\/#organization"},"potentialAction":[{"@type":"SearchAction","target":{"@type":"EntryPoint","urlTemplate":"https:\/\/www.historigations.de\/?s={search_term_string}"},"query-input":"required name=search_term_string"}],"inLanguage":"fr-FR"},{"@type":"Organization","@id":"https:\/\/www.historigations.de\/#organization","name":"Historigations","url":"https:\/\/www.historigations.de\/","logo":{"@type":"ImageObject","inLanguage":"fr-FR","@id":"https:\/\/www.historigations.de\/#\/schema\/logo\/image\/","url":"https:\/\/www.historigations.de\/wp-content\/uploads\/2021\/01\/historigations_logo.png","contentUrl":"https:\/\/www.historigations.de\/wp-content\/uploads\/2021\/01\/historigations_logo.png","width":526,"height":217,"caption":"Historigations"},"image":{"@id":"https:\/\/www.historigations.de\/#\/schema\/logo\/image\/"},"sameAs":["https:\/\/www.instagram.com\/historigations\/","https:\/\/www.facebook.com\/Historigations"]}]}},"_links":{"self":[{"href":"https:\/\/www.historigations.de\/fr\/wp-json\/wp\/v2\/pages\/818","targetHints":{"allow":["GET"]}}],"collection":[{"href":"https:\/\/www.historigations.de\/fr\/wp-json\/wp\/v2\/pages"}],"about":[{"href":"https:\/\/www.historigations.de\/fr\/wp-json\/wp\/v2\/types\/page"}],"author":[{"embeddable":true,"href":"https:\/\/www.historigations.de\/fr\/wp-json\/wp\/v2\/users\/1"}],"replies":[{"embeddable":true,"href":"https:\/\/www.historigations.de\/fr\/wp-json\/wp\/v2\/comments?post=818"}],"version-history":[{"count":25,"href":"https:\/\/www.historigations.de\/fr\/wp-json\/wp\/v2\/pages\/818\/revisions"}],"predecessor-version":[{"id":1387,"href":"https:\/\/www.historigations.de\/fr\/wp-json\/wp\/v2\/pages\/818\/revisions\/1387"}],"wp:attachment":[{"href":"https:\/\/www.historigations.de\/fr\/wp-json\/wp\/v2\/media?parent=818"}],"curies":[{"name":"wp","href":"https:\/\/api.w.org\/{rel}","templated":true}]}}